{"id":19604,"date":"2024-12-23T11:34:51","date_gmt":"2024-12-23T09:34:51","guid":{"rendered":"https:\/\/ilersis.org\/jardineria\/"},"modified":"2025-04-03T10:07:32","modified_gmt":"2025-04-03T08:07:32","slug":"jardineria","status":"publish","type":"page","link":"https:\/\/ilersis.org\/es\/jardineria\/","title":{"rendered":"Jardiner\u00eda"},"content":{"rendered":"\t\t<div data-elementor-type=\"wp-page\" data-elementor-id=\"19604\" class=\"elementor elementor-19604 elementor-17434\" data-elementor-post-type=\"page\">\n\t\t\t\t<div class=\"elementor-element elementor-element-8593094 e-flex e-con-boxed e-con e-parent\" data-id=\"8593094\" data-element_type=\"container\" data-settings=\"{&quot;background_background&quot;:&quot;classic&quot;,&quot;jet_parallax_layout_list&quot;:[]}\">\n\t\t\t\t\t<div class=\"e-con-inner\">\n\t\t<div class=\"elementor-element elementor-element-232362b e-con-full e-flex e-con e-child\" data-id=\"232362b\" data-element_type=\"container\" data-settings=\"{&quot;jet_parallax_layout_list&quot;:[]}\">\n\t\t\t\t<div class=\"elementor-element elementor-element-95d4c86 elementor-widget elementor-widget-heading\" data-id=\"95d4c86\" data-element_type=\"widget\" data-widget_type=\"heading.default\">\n\t\t\t\t<div class=\"elementor-widget-container\">\n\t\t\t\t\t<h2 class=\"elementor-heading-title elementor-size-default\">CEE<\/h2>\t\t\t\t<\/div>\n\t\t\t\t<\/div>\n\t\t\t\t<div class=\"elementor-element elementor-element-fa94049 elementor-widget elementor-widget-heading\" data-id=\"fa94049\" data-element_type=\"widget\" data-widget_type=\"heading.default\">\n\t\t\t\t<div class=\"elementor-widget-container\">\n\t\t\t\t\t<h1 class=\"elementor-heading-title elementor-size-default\">JARDINER\u00cdA<\/h1>\t\t\t\t<\/div>\n\t\t\t\t<\/div>\n\t\t\t\t<div class=\"elementor-element elementor-element-5daf4ba elementor-widget elementor-widget-text-editor\" data-id=\"5daf4ba\" data-element_type=\"widget\" data-widget_type=\"text-editor.default\">\n\t\t\t\t<div class=\"elementor-widget-container\">\n\t\t\t\t\t\t\t\t\t<p>Somos especialistas en el dise\u00f1o y mantenimiento de espacios ajardinados. Desde 2007, nos encargamos del mantenimiento de zonas deportivas, parques y jardines, y garantizamos la conservaci\u00f3n de espacios p\u00fablicos y privados.<\/p><p>Nuestro equipo, altamente cualificado, dispone de la equipaci\u00f3n t\u00e9cnica necesaria para realizar tareas de mantenimiento de piscinas, jardines comunitarios, espacios verdes privados, instalaciones deportivas y otros espacios p\u00fablicos.<\/p><p>Ofrecemos un servicio integral que incluye la construcci\u00f3n de jardines de todo tipo y el mantenimiento de espacios verdes, y estamos comprometidos con la calidad y la sostenibilidad, como demuestran las certificaciones ISO 9001 e ISO 14001.<\/p>\t\t\t\t\t\t\t\t<\/div>\n\t\t\t\t<\/div>\n\t\t\t\t<div class=\"elementor-element elementor-element-b2cc305 elementor-widget-divider--view-line elementor-widget elementor-widget-divider\" data-id=\"b2cc305\" data-element_type=\"widget\" data-widget_type=\"divider.default\">\n\t\t\t\t<div class=\"elementor-widget-container\">\n\t\t\t\t\t\t\t<div class=\"elementor-divider\">\n\t\t\t<span class=\"elementor-divider-separator\">\n\t\t\t\t\t\t<\/span>\n\t\t<\/div>\n\t\t\t\t\t\t<\/div>\n\t\t\t\t<\/div>\n\t\t\t\t<\/div>\n\t\t<div class=\"elementor-element elementor-element-8f4adcb e-con-full elementor-hidden-mobile elementor-hidden-tablet e-flex e-con e-child\" data-id=\"8f4adcb\" data-element_type=\"container\" data-settings=\"{&quot;jet_parallax_layout_list&quot;:[]}\">\n\t\t\t\t<div class=\"elementor-element elementor-element-ec0e3e6 elementor-widget elementor-widget-image\" data-id=\"ec0e3e6\" data-element_type=\"widget\" data-widget_type=\"image.default\">\n\t\t\t\t<div class=\"elementor-widget-container\">\n\t\t\t\t\t\t\t\t\t\t\t\t\t\t\t<img fetchpriority=\"high\" decoding=\"async\" width=\"800\" height=\"532\" src=\"https:\/\/ilersis.org\/wp-content\/uploads\/2025\/03\/ILersis-@DaviddelVa-222-baixa-1024x681.jpg\" class=\"attachment-large size-large wp-image-20633\" alt=\"Brigades - Jardineria\" srcset=\"https:\/\/ilersis.org\/wp-content\/uploads\/2025\/03\/ILersis-@DaviddelVa-222-baixa-1024x681.jpg 1024w, https:\/\/ilersis.org\/wp-content\/uploads\/2025\/03\/ILersis-@DaviddelVa-222-baixa-300x200.jpg 300w, https:\/\/ilersis.org\/wp-content\/uploads\/2025\/03\/ILersis-@DaviddelVa-222-baixa-768x511.jpg 768w, https:\/\/ilersis.org\/wp-content\/uploads\/2025\/03\/ILersis-@DaviddelVa-222-baixa-1320x878.jpg 1320w, https:\/\/ilersis.org\/wp-content\/uploads\/2025\/03\/ILersis-@DaviddelVa-222-baixa.jpg 1500w\" sizes=\"(max-width: 800px) 100vw, 800px\" \/>\t\t\t\t\t\t\t\t\t\t\t\t\t\t\t<\/div>\n\t\t\t\t<\/div>\n\t\t\t\t<div class=\"elementor-element elementor-element-84404ce elementor-widget elementor-widget-image\" data-id=\"84404ce\" data-element_type=\"widget\" data-widget_type=\"image.default\">\n\t\t\t\t<div class=\"elementor-widget-container\">\n\t\t\t\t\t\t\t\t\t\t\t\t\t\t\t<img decoding=\"async\" width=\"800\" height=\"765\" src=\"https:\/\/ilersis.org\/wp-content\/uploads\/2024\/11\/Jardineria-1-1024x979.png\" class=\"attachment-large size-large wp-image-776\" alt=\"\" srcset=\"https:\/\/ilersis.org\/wp-content\/uploads\/2024\/11\/Jardineria-1-1024x979.png 1024w, https:\/\/ilersis.org\/wp-content\/uploads\/2024\/11\/Jardineria-1-300x287.png 300w, https:\/\/ilersis.org\/wp-content\/uploads\/2024\/11\/Jardineria-1-768x734.png 768w, https:\/\/ilersis.org\/wp-content\/uploads\/2024\/11\/Jardineria-1.png 1171w\" sizes=\"(max-width: 800px) 100vw, 800px\" \/>\t\t\t\t\t\t\t\t\t\t\t\t\t\t\t<\/div>\n\t\t\t\t<\/div>\n\t\t\t\t<\/div>\n\t\t\t\t\t<\/div>\n\t\t\t\t<\/div>\n\t\t<div class=\"elementor-element elementor-element-c002120 e-flex e-con-boxed e-con e-parent\" data-id=\"c002120\" data-element_type=\"container\" data-settings=\"{&quot;jet_parallax_layout_list&quot;:[]}\">\n\t\t\t\t\t<div class=\"e-con-inner\">\n\t\t\t\t<div class=\"elementor-element elementor-element-bc9638c elementor-widget elementor-widget-video\" data-id=\"bc9638c\" data-element_type=\"widget\" data-settings=\"{&quot;youtube_url&quot;:&quot;https:\\\/\\\/youtu.be\\\/XNTHtKSP2mk&quot;,&quot;video_type&quot;:&quot;youtube&quot;,&quot;controls&quot;:&quot;yes&quot;}\" data-widget_type=\"video.default\">\n\t\t\t\t<div class=\"elementor-widget-container\">\n\t\t\t\t\t\t\t<div class=\"elementor-wrapper elementor-open-inline\">\n\t\t\t<div class=\"elementor-video\"><\/div>\t\t<\/div>\n\t\t\t\t\t\t<\/div>\n\t\t\t\t<\/div>\n\t\t\t\t\t<\/div>\n\t\t\t\t<\/div>\n\t\t<div class=\"elementor-element elementor-element-da852e2 e-flex e-con-boxed e-con e-parent\" data-id=\"da852e2\" data-element_type=\"container\" data-settings=\"{&quot;jet_parallax_layout_list&quot;:[]}\">\n\t\t\t\t\t<div class=\"e-con-inner\">\n\t\t\t\t<div class=\"elementor-element elementor-element-c8bbe26 elementor-widget elementor-widget-heading\" data-id=\"c8bbe26\" data-element_type=\"widget\" data-widget_type=\"heading.default\">\n\t\t\t\t<div class=\"elementor-widget-container\">\n\t\t\t\t\t<h1 class=\"elementor-heading-title elementor-size-default\">\u00bfQU\u00c9 HACEMOS?<\/h1>\t\t\t\t<\/div>\n\t\t\t\t<\/div>\n\t\t\t\t<div class=\"elementor-element elementor-element-14ed01f elementor-widget elementor-widget-text-editor\" data-id=\"14ed01f\" data-element_type=\"widget\" data-widget_type=\"text-editor.default\">\n\t\t\t\t<div class=\"elementor-widget-container\">\n\t\t\t\t\t\t\t\t\t<p>Realizamos todo tipo de trabajos de jardiner\u00eda para empresas y administraciones.<\/p>\t\t\t\t\t\t\t\t<\/div>\n\t\t\t\t<\/div>\n\t\t\t\t\t<\/div>\n\t\t\t\t<\/div>\n\t\t<div class=\"elementor-element elementor-element-3ac2fc5 e-flex e-con-boxed e-con e-parent\" data-id=\"3ac2fc5\" data-element_type=\"container\" data-settings=\"{&quot;jet_parallax_layout_list&quot;:[]}\">\n\t\t\t\t\t<div class=\"e-con-inner\">\n\t\t\t\t<div class=\"elementor-element elementor-element-2784b9c e-n-tabs-mobile elementor-widget elementor-widget-n-tabs\" data-id=\"2784b9c\" data-element_type=\"widget\" data-settings=\"{&quot;tabs_justify_horizontal&quot;:&quot;start&quot;,&quot;horizontal_scroll&quot;:&quot;disable&quot;}\" data-widget_type=\"nested-tabs.default\">\n\t\t\t\t<div class=\"elementor-widget-container\">\n\t\t\t\t\t\t\t<div class=\"e-n-tabs\" data-widget-number=\"41438108\" aria-label=\"Pesta\u00f1as. Abre elementos con Intro o Espacio, ci\u00e9rralos con Escape y navega con las fechas.\">\n\t\t\t<div class=\"e-n-tabs-heading\" role=\"tablist\">\n\t\t\t\t\t<button id=\"e-n-tab-title-414381081\" class=\"e-n-tab-title\" aria-selected=\"true\" data-tab-index=\"1\" role=\"tab\" tabindex=\"0\" aria-controls=\"e-n-tab-content-414381081\" style=\"--n-tabs-title-order: 1;\">\n\t\t\t\t\t<span class=\"e-n-tab-icon\">\n\t\t\t<svg aria-hidden=\"true\" class=\"e-font-icon-svg e-fas-check\" viewBox=\"0 0 512 512\" xmlns=\"http:\/\/www.w3.org\/2000\/svg\"><path d=\"M173.898 439.404l-166.4-166.4c-9.997-9.997-9.997-26.206 0-36.204l36.203-36.204c9.997-9.998 26.207-9.998 36.204 0L192 312.69 432.095 72.596c9.997-9.997 26.207-9.997 36.204 0l36.203 36.204c9.997 9.997 9.997 26.206 0 36.204l-294.4 294.401c-9.998 9.997-26.207 9.997-36.204-.001z\"><\/path><\/svg>\t\t\t<svg aria-hidden=\"true\" class=\"e-font-icon-svg e-fas-check\" viewBox=\"0 0 512 512\" xmlns=\"http:\/\/www.w3.org\/2000\/svg\"><path d=\"M173.898 439.404l-166.4-166.4c-9.997-9.997-9.997-26.206 0-36.204l36.203-36.204c9.997-9.998 26.207-9.998 36.204 0L192 312.69 432.095 72.596c9.997-9.997 26.207-9.997 36.204 0l36.203 36.204c9.997 9.997 9.997 26.206 0 36.204l-294.4 294.401c-9.998 9.997-26.207 9.997-36.204-.001z\"><\/path><\/svg>\t\t<\/span>\n\t\t\t\t\t<span class=\"e-n-tab-title-text\">\n\t\t\t\tMantenimiento\t\t\t<\/span>\n\t\t<\/button>\n\t\t\t\t<button id=\"e-n-tab-title-414381082\" class=\"e-n-tab-title\" aria-selected=\"false\" data-tab-index=\"2\" role=\"tab\" tabindex=\"-1\" aria-controls=\"e-n-tab-content-414381082\" style=\"--n-tabs-title-order: 2;\">\n\t\t\t\t\t<span class=\"e-n-tab-icon\">\n\t\t\t<svg aria-hidden=\"true\" class=\"e-font-icon-svg e-fas-check\" viewBox=\"0 0 512 512\" xmlns=\"http:\/\/www.w3.org\/2000\/svg\"><path d=\"M173.898 439.404l-166.4-166.4c-9.997-9.997-9.997-26.206 0-36.204l36.203-36.204c9.997-9.998 26.207-9.998 36.204 0L192 312.69 432.095 72.596c9.997-9.997 26.207-9.997 36.204 0l36.203 36.204c9.997 9.997 9.997 26.206 0 36.204l-294.4 294.401c-9.998 9.997-26.207 9.997-36.204-.001z\"><\/path><\/svg>\t\t\t<svg aria-hidden=\"true\" class=\"e-font-icon-svg e-fas-check\" viewBox=\"0 0 512 512\" xmlns=\"http:\/\/www.w3.org\/2000\/svg\"><path d=\"M173.898 439.404l-166.4-166.4c-9.997-9.997-9.997-26.206 0-36.204l36.203-36.204c9.997-9.998 26.207-9.998 36.204 0L192 312.69 432.095 72.596c9.997-9.997 26.207-9.997 36.204 0l36.203 36.204c9.997 9.997 9.997 26.206 0 36.204l-294.4 294.401c-9.998 9.997-26.207 9.997-36.204-.001z\"><\/path><\/svg>\t\t<\/span>\n\t\t\t\t\t<span class=\"e-n-tab-title-text\">\n\t\t\t\tObras\t\t\t<\/span>\n\t\t<\/button>\n\t\t\t\t<button id=\"e-n-tab-title-414381083\" class=\"e-n-tab-title\" aria-selected=\"false\" data-tab-index=\"3\" role=\"tab\" tabindex=\"-1\" aria-controls=\"e-n-tab-content-414381083\" style=\"--n-tabs-title-order: 3;\">\n\t\t\t\t\t<span class=\"e-n-tab-icon\">\n\t\t\t<svg aria-hidden=\"true\" class=\"e-font-icon-svg e-fas-check\" viewBox=\"0 0 512 512\" xmlns=\"http:\/\/www.w3.org\/2000\/svg\"><path d=\"M173.898 439.404l-166.4-166.4c-9.997-9.997-9.997-26.206 0-36.204l36.203-36.204c9.997-9.998 26.207-9.998 36.204 0L192 312.69 432.095 72.596c9.997-9.997 26.207-9.997 36.204 0l36.203 36.204c9.997 9.997 9.997 26.206 0 36.204l-294.4 294.401c-9.998 9.997-26.207 9.997-36.204-.001z\"><\/path><\/svg>\t\t\t<svg aria-hidden=\"true\" class=\"e-font-icon-svg e-fas-check\" viewBox=\"0 0 512 512\" xmlns=\"http:\/\/www.w3.org\/2000\/svg\"><path d=\"M173.898 439.404l-166.4-166.4c-9.997-9.997-9.997-26.206 0-36.204l36.203-36.204c9.997-9.998 26.207-9.998 36.204 0L192 312.69 432.095 72.596c9.997-9.997 26.207-9.997 36.204 0l36.203 36.204c9.997 9.997 9.997 26.206 0 36.204l-294.4 294.401c-9.998 9.997-26.207 9.997-36.204-.001z\"><\/path><\/svg>\t\t<\/span>\n\t\t\t\t\t<span class=\"e-n-tab-title-text\">\n\t\t\t\tRiego\t\t\t<\/span>\n\t\t<\/button>\n\t\t\t\t<button id=\"e-n-tab-title-414381084\" class=\"e-n-tab-title\" aria-selected=\"false\" data-tab-index=\"4\" role=\"tab\" tabindex=\"-1\" aria-controls=\"e-n-tab-content-414381084\" style=\"--n-tabs-title-order: 4;\">\n\t\t\t\t\t<span class=\"e-n-tab-icon\">\n\t\t\t<svg aria-hidden=\"true\" class=\"e-font-icon-svg e-fas-check\" viewBox=\"0 0 512 512\" xmlns=\"http:\/\/www.w3.org\/2000\/svg\"><path d=\"M173.898 439.404l-166.4-166.4c-9.997-9.997-9.997-26.206 0-36.204l36.203-36.204c9.997-9.998 26.207-9.998 36.204 0L192 312.69 432.095 72.596c9.997-9.997 26.207-9.997 36.204 0l36.203 36.204c9.997 9.997 9.997 26.206 0 36.204l-294.4 294.401c-9.998 9.997-26.207 9.997-36.204-.001z\"><\/path><\/svg>\t\t\t<svg aria-hidden=\"true\" class=\"e-font-icon-svg e-fas-check\" viewBox=\"0 0 512 512\" xmlns=\"http:\/\/www.w3.org\/2000\/svg\"><path d=\"M173.898 439.404l-166.4-166.4c-9.997-9.997-9.997-26.206 0-36.204l36.203-36.204c9.997-9.998 26.207-9.998 36.204 0L192 312.69 432.095 72.596c9.997-9.997 26.207-9.997 36.204 0l36.203 36.204c9.997 9.997 9.997 26.206 0 36.204l-294.4 294.401c-9.998 9.997-26.207 9.997-36.204-.001z\"><\/path><\/svg>\t\t<\/span>\n\t\t\t\t\t<span class=\"e-n-tab-title-text\">\n\t\t\t\tPiscinas\t\t\t<\/span>\n\t\t<\/button>\n\t\t\t\t<button id=\"e-n-tab-title-414381085\" class=\"e-n-tab-title\" aria-selected=\"false\" data-tab-index=\"5\" role=\"tab\" tabindex=\"-1\" aria-controls=\"e-n-tab-content-414381085\" style=\"--n-tabs-title-order: 5;\">\n\t\t\t\t\t<span class=\"e-n-tab-icon\">\n\t\t\t<svg aria-hidden=\"true\" class=\"e-font-icon-svg e-fas-check\" viewBox=\"0 0 512 512\" xmlns=\"http:\/\/www.w3.org\/2000\/svg\"><path d=\"M173.898 439.404l-166.4-166.4c-9.997-9.997-9.997-26.206 0-36.204l36.203-36.204c9.997-9.998 26.207-9.998 36.204 0L192 312.69 432.095 72.596c9.997-9.997 26.207-9.997 36.204 0l36.203 36.204c9.997 9.997 9.997 26.206 0 36.204l-294.4 294.401c-9.998 9.997-26.207 9.997-36.204-.001z\"><\/path><\/svg>\t\t\t<svg aria-hidden=\"true\" class=\"e-font-icon-svg e-fas-check\" viewBox=\"0 0 512 512\" xmlns=\"http:\/\/www.w3.org\/2000\/svg\"><path d=\"M173.898 439.404l-166.4-166.4c-9.997-9.997-9.997-26.206 0-36.204l36.203-36.204c9.997-9.998 26.207-9.998 36.204 0L192 312.69 432.095 72.596c9.997-9.997 26.207-9.997 36.204 0l36.203 36.204c9.997 9.997 9.997 26.206 0 36.204l-294.4 294.401c-9.998 9.997-26.207 9.997-36.204-.001z\"><\/path><\/svg>\t\t<\/span>\n\t\t\t\t\t<span class=\"e-n-tab-title-text\">\n\t\t\t\tC\u00e9sped\t\t\t<\/span>\n\t\t<\/button>\n\t\t\t\t\t<\/div>\n\t\t\t<div class=\"e-n-tabs-content\">\n\t\t\t\t<div id=\"e-n-tab-content-414381081\" role=\"tabpanel\" aria-labelledby=\"e-n-tab-title-414381081\" data-tab-index=\"1\" style=\"--n-tabs-title-order: 1;\" class=\"e-active elementor-element elementor-element-fe87344 e-con-full e-flex e-con e-child\" data-id=\"fe87344\" data-element_type=\"container\" data-settings=\"{&quot;jet_parallax_layout_list&quot;:[],&quot;background_background&quot;:&quot;classic&quot;}\">\n\t\t\t\t<div class=\"elementor-element elementor-element-7f261e3 elementor-widget elementor-widget-text-editor\" data-id=\"7f261e3\" data-element_type=\"widget\" data-widget_type=\"text-editor.default\">\n\t\t\t\t<div class=\"elementor-widget-container\">\n\t\t\t\t\t\t\t\t\t<p>Realizamos todo tipo de mantenimiento de jardines, de cualquier tipolog\u00eda y estilo. Las tareas b\u00e1sicas son de limpieza y desherbado de los diversos espacios, segar c\u00e9sped, recorte de zarzales, recorte y pinzado de plantas arbustivas, poda de \u00e1rboles, tratamientos fitosanitarios, abonado, mantenimiento de parterres florales, mantenimiento de pavimentos blandos y revisi\u00f3n y reparaciones de todo tipo de redes de riego. <\/p>\t\t\t\t\t\t\t\t<\/div>\n\t\t\t\t<\/div>\n\t\t\t\t<\/div>\n\t\t<div id=\"e-n-tab-content-414381082\" role=\"tabpanel\" aria-labelledby=\"e-n-tab-title-414381082\" data-tab-index=\"2\" style=\"--n-tabs-title-order: 2;\" class=\" elementor-element elementor-element-570deb6 e-con-full e-flex e-con e-child\" data-id=\"570deb6\" data-element_type=\"container\" data-settings=\"{&quot;jet_parallax_layout_list&quot;:[],&quot;background_background&quot;:&quot;classic&quot;}\">\n\t\t\t\t<div class=\"elementor-element elementor-element-c949085 elementor-widget elementor-widget-text-editor\" data-id=\"c949085\" data-element_type=\"widget\" data-widget_type=\"text-editor.default\">\n\t\t\t\t<div class=\"elementor-widget-container\">\n\t\t\t\t\t\t\t\t\t<p>Obras de construcci\u00f3n de jardines en todo tipo de espacios p\u00fablicos y privados, comunidades de propietarios, urbanizaciones, rotondas y medias. Tambi\u00e9n realizamos reforestaciones y medidas de reducci\u00f3n del impacto ambiental en restauraciones de paisaje de obras de infraestructuras. Movimientos de tierras, implantaci\u00f3n de c\u00e9sped natural, sembrado o con cepellones (tepe) y c\u00e9sped artificial, plantaciones de planta arbustiva y arbolado, ejecuci\u00f3n de jardines sostenibles mediante acolchado con gravas ornamentales y otros materiales reciclados (corteza de pino, triturado de poda vegetales), parterres con composiciones florales, tanques.  <\/p>\t\t\t\t\t\t\t\t<\/div>\n\t\t\t\t<\/div>\n\t\t\t\t<\/div>\n\t\t<div id=\"e-n-tab-content-414381083\" role=\"tabpanel\" aria-labelledby=\"e-n-tab-title-414381083\" data-tab-index=\"3\" style=\"--n-tabs-title-order: 3;\" class=\" elementor-element elementor-element-b59f9fe e-con-full e-flex e-con e-child\" data-id=\"b59f9fe\" data-element_type=\"container\" data-settings=\"{&quot;jet_parallax_layout_list&quot;:[],&quot;background_background&quot;:&quot;classic&quot;}\">\n\t\t\t\t<div class=\"elementor-element elementor-element-ae29649 elementor-widget elementor-widget-text-editor\" data-id=\"ae29649\" data-element_type=\"widget\" data-widget_type=\"text-editor.default\">\n\t\t\t\t<div class=\"elementor-widget-container\">\n\t\t\t\t\t\t\t\t\t<p>Realizamos la instalaci\u00f3n de redes completas de riego de cualquier sistema con el nivel de automatizaci\u00f3n que requiera el proyecto ejecutado; realizaci\u00f3n de los movimientos de tierras necesarios (esplanaciones, zanjas, pozos) instalaci\u00f3n de tuber\u00edas superficiales o enterradas, colocaci\u00f3n de arquetas de pl\u00e1stico o de hormig\u00f3n prefabricados, instalaci\u00f3n de programadores de \u00faltima generaci\u00f3n (Bluethoot, WiFi) con la posibilidad de colocar sensores de lluvia y humedad para el y difusores (principalmente de bajo consumo de agua) y tuber\u00edas de riego localizado por goteo.<\/p>\t\t\t\t\t\t\t\t<\/div>\n\t\t\t\t<\/div>\n\t\t\t\t<\/div>\n\t\t<div id=\"e-n-tab-content-414381084\" role=\"tabpanel\" aria-labelledby=\"e-n-tab-title-414381084\" data-tab-index=\"4\" style=\"--n-tabs-title-order: 4;\" class=\" elementor-element elementor-element-7f81266 e-con-full e-flex e-con e-child\" data-id=\"7f81266\" data-element_type=\"container\" data-settings=\"{&quot;jet_parallax_layout_list&quot;:[],&quot;background_background&quot;:&quot;classic&quot;}\">\n\t\t\t\t<div class=\"elementor-element elementor-element-c86ff90 elementor-widget elementor-widget-text-editor\" data-id=\"c86ff90\" data-element_type=\"widget\" data-widget_type=\"text-editor.default\">\n\t\t\t\t<div class=\"elementor-widget-container\">\n\t\t\t\t\t\t\t\t\t<p>Limpieza de fondo del vaso y de la red hidr\u00e1ulica superficial, control qu\u00edmico del agua (pH, cloro), revisi\u00f3n del sistema de bombeo, limpieza de filtros, todo a menudo diaria si se requiere durante la campa\u00f1a de verano. Puesta a punto antes del inicio de la temporada. <\/p>\t\t\t\t\t\t\t\t<\/div>\n\t\t\t\t<\/div>\n\t\t\t\t<\/div>\n\t\t<div id=\"e-n-tab-content-414381085\" role=\"tabpanel\" aria-labelledby=\"e-n-tab-title-414381085\" data-tab-index=\"5\" style=\"--n-tabs-title-order: 5;\" class=\" elementor-element elementor-element-d964813 e-con-full e-flex e-con e-child\" data-id=\"d964813\" data-element_type=\"container\" data-settings=\"{&quot;jet_parallax_layout_list&quot;:[],&quot;background_background&quot;:&quot;classic&quot;}\">\n\t\t\t\t<div class=\"elementor-element elementor-element-ca52eca elementor-widget elementor-widget-text-editor\" data-id=\"ca52eca\" data-element_type=\"widget\" data-widget_type=\"text-editor.default\">\n\t\t\t\t<div class=\"elementor-widget-container\">\n\t\t\t\t\t\t\t\t\t<p>En los nuevos c\u00e9spedes valoramos la utilizaci\u00f3n prioritaria de especies de la Pen\u00ednsula Ib\u00e9rica mejor adaptadas a nuestro clima, con mayor resistencia a la sequ\u00eda ya los insectos plaga, con una importante reducci\u00f3n de consumo de agua al tener menores necesidades h\u00eddricas y menos necesidad de utilizar fitosanitarios. Siembras con variedades gen\u00e9ticamente seleccionadas, para obtener un color verde m\u00e1s intenso y menores necesidades de fertilizaci\u00f3n y f\u00f3rmulas adaptadas a un menor crecimiento vertical, lo que implica menos siegas y por tanto, menor consumo de energ\u00eda <\/p>\t\t\t\t\t\t\t\t<\/div>\n\t\t\t\t<\/div>\n\t\t\t\t<\/div>\n\t\t\t\t\t<\/div>\n\t\t<\/div>\n\t\t\t\t\t\t<\/div>\n\t\t\t\t<\/div>\n\t\t\t\t\t<\/div>\n\t\t\t\t<\/div>\n\t\t<div class=\"elementor-element elementor-element-6b471d6 e-flex e-con-boxed e-con e-parent\" data-id=\"6b471d6\" data-element_type=\"container\" data-settings=\"{&quot;jet_parallax_layout_list&quot;:[]}\">\n\t\t\t\t\t<div class=\"e-con-inner\">\n\t\t\t\t<div class=\"elementor-element elementor-element-3e8df74 elementor-widget elementor-widget-jet-portfolio\" data-id=\"3e8df74\" data-element_type=\"widget\" data-settings=\"{&quot;columns_mobile&quot;:&quot;1&quot;,&quot;columns&quot;:3}\" data-widget_type=\"jet-portfolio.default\">\n\t\t\t\t<div class=\"elementor-widget-container\">\n\t\t\t\t\t<div class=\"elementor-jet-portfolio jet-elements\">\n<div class=\"jet-portfolio layout-type-masonry preset-type-1 layout-desktop-column-3  layout-mobile-column-1\" data-settings=\"{&quot;layoutType&quot;:&quot;masonry&quot;,&quot;perPage&quot;:6}\"><div class=\"jet-portfolio__list \"><article class=\"jet-portfolio__item visible-status\" data-slug=\"{&quot;0&quot;:&quot;all&quot;}\">\n\t<div class=\"jet-portfolio__inner\">\n\t\t<a class=\"jet-portfolio__link \" href=\"https:\/\/ilersis.org\/wp-content\/uploads\/2024\/11\/jardineria_0003.jpg\" data-elementor-open-lightbox=\"yes\">\n\t\t\t<div class=\"jet-portfolio__image\">\n\t\t\t\t<img loading=\"lazy\" decoding=\"async\" class=\"jet-portfolio__image-instance\" src=\"https:\/\/ilersis.org\/wp-content\/uploads\/2024\/11\/jardineria_0003.jpg\" width=\"900\" height=\"600\"  alt=\"jardineria_0003\" loading=\"lazy\">\t\t\t\t<div class=\"jet-portfolio__image-loader\"><span><\/span><\/div>\n\t\t\t<\/div>\n\t\t<\/a>\n\t\t<div class=\"jet-portfolio__content\">\n\t\t\t<div class=\"jet-portfolio__content-inner\"><h4 class=\"jet-portfolio__title\">Reforestaci\u00f3n<\/h4><p class=\"jet-portfolio__desc\">Plantaciones de \u00e1rboles y arbustos para la reforestaci\u00f3n de zonas boscosas y para la restauraci\u00f3n ambiental de zonas afectadas por obras de infraestructuras viales o desastres naturales.<\/p><\/div>\n\t\t<\/div>\n\n\t<\/div>\n<\/article>\n<article class=\"jet-portfolio__item visible-status\" data-slug=\"{&quot;0&quot;:&quot;all&quot;}\">\n\t<div class=\"jet-portfolio__inner\">\n\t\t<a class=\"jet-portfolio__link \" href=\"https:\/\/ilersis.org\/wp-content\/uploads\/2024\/11\/jardineria_0007.jpg\" data-elementor-open-lightbox=\"yes\">\n\t\t\t<div class=\"jet-portfolio__image\">\n\t\t\t\t<img loading=\"lazy\" decoding=\"async\" class=\"jet-portfolio__image-instance\" src=\"https:\/\/ilersis.org\/wp-content\/uploads\/2024\/11\/jardineria_0007.jpg\" width=\"900\" height=\"600\"  alt=\"jardineria_0007\" loading=\"lazy\">\t\t\t\t<div class=\"jet-portfolio__image-loader\"><span><\/span><\/div>\n\t\t\t<\/div>\n\t\t<\/a>\n\t\t<div class=\"jet-portfolio__content\">\n\t\t\t<div class=\"jet-portfolio__content-inner\"><h4 class=\"jet-portfolio__title\">Mantenimiento<\/h4><p class=\"jet-portfolio__desc\">Zonas arboladas desde el sembrado de la cantera en la poda anual, pasando por la instalaci\u00f3n de los sistemas de riego o la aplicaci\u00f3n de los tratamientos fitosanitarios pertinentes.<\/p><\/div>\n\t\t<\/div>\n\n\t<\/div>\n<\/article>\n<article class=\"jet-portfolio__item visible-status\" data-slug=\"{&quot;0&quot;:&quot;all&quot;}\">\n\t<div class=\"jet-portfolio__inner\">\n\t\t<a class=\"jet-portfolio__link \" href=\"https:\/\/ilersis.org\/wp-content\/uploads\/2025\/03\/ILersis-@DaviddelVa-222-baixa.jpg\" data-elementor-open-lightbox=\"yes\">\n\t\t\t<div class=\"jet-portfolio__image\">\n\t\t\t\t<img loading=\"lazy\" decoding=\"async\" class=\"jet-portfolio__image-instance\" src=\"https:\/\/ilersis.org\/wp-content\/uploads\/2025\/03\/ILersis-@DaviddelVa-222-baixa.jpg\" width=\"1500\" height=\"998\"  alt=\"Brigades - Jardineria\" loading=\"lazy\">\t\t\t\t<div class=\"jet-portfolio__image-loader\"><span><\/span><\/div>\n\t\t\t<\/div>\n\t\t<\/a>\n\t\t<div class=\"jet-portfolio__content\">\n\t\t\t<div class=\"jet-portfolio__content-inner\"><h4 class=\"jet-portfolio__title\">Zonas de palmeras<\/h4><p class=\"jet-portfolio__desc\">Ofrecemos un servicio de mantenimiento de zonas de \u00e1rboles que se centra en la prevenci\u00f3n de enfermedades y plagas en palmeras, como el hongo de la podredumbre rosa, el picudo rojo, la ara\u00f1a roja, la ara\u00f1a blanca y el taladro.<\/p><\/div>\n\t\t<\/div>\n\n\t<\/div>\n<\/article>\n<article class=\"jet-portfolio__item visible-status\" data-slug=\"{&quot;0&quot;:&quot;all&quot;}\">\n\t<div class=\"jet-portfolio__inner\">\n\t\t<a class=\"jet-portfolio__link \" href=\"https:\/\/ilersis.org\/wp-content\/uploads\/2025\/03\/brigades_jardineria-e1743004075595.jpg\" data-elementor-open-lightbox=\"yes\">\n\t\t\t<div class=\"jet-portfolio__image\">\n\t\t\t\t<img loading=\"lazy\" decoding=\"async\" class=\"jet-portfolio__image-instance\" src=\"https:\/\/ilersis.org\/wp-content\/uploads\/2025\/03\/brigades_jardineria-e1743004075595.jpg\" width=\"1080\" height=\"1920\"  alt=\"brigades_jardineria\" loading=\"lazy\">\t\t\t\t<div class=\"jet-portfolio__image-loader\"><span><\/span><\/div>\n\t\t\t<\/div>\n\t\t<\/a>\n\t\t<div class=\"jet-portfolio__content\">\n\t\t\t<div class=\"jet-portfolio__content-inner\"><h4 class=\"jet-portfolio__title\">Zonas de riego<\/h4><p class=\"jet-portfolio__desc\">Sistemas eficientes para la optimizaci\u00f3n de los consumos de agua de riego para reducir los consumos anuales.<\/p><\/div>\n\t\t<\/div>\n\n\t<\/div>\n<\/article>\n<article class=\"jet-portfolio__item visible-status\" data-slug=\"{&quot;0&quot;:&quot;all&quot;}\">\n\t<div class=\"jet-portfolio__inner\">\n\t\t<a class=\"jet-portfolio__link \" href=\"https:\/\/ilersis.org\/wp-content\/uploads\/2024\/11\/jardineria_0012.jpg\" data-elementor-open-lightbox=\"yes\">\n\t\t\t<div class=\"jet-portfolio__image\">\n\t\t\t\t<img loading=\"lazy\" decoding=\"async\" class=\"jet-portfolio__image-instance\" src=\"https:\/\/ilersis.org\/wp-content\/uploads\/2024\/11\/jardineria_0012.jpg\" width=\"900\" height=\"600\"  alt=\"jardineria_0012\" loading=\"lazy\">\t\t\t\t<div class=\"jet-portfolio__image-loader\"><span><\/span><\/div>\n\t\t\t<\/div>\n\t\t<\/a>\n\t\t<div class=\"jet-portfolio__content\">\n\t\t\t<div class=\"jet-portfolio__content-inner\"><h4 class=\"jet-portfolio__title\">Tratamientos fitosanitarios<\/h4><p class=\"jet-portfolio__desc\">Realizamos Gesti\u00f3n Integrada de Plagas (GIP) y realizamos aplicaciones de fitosanitarios con personal cualificado y en disposici\u00f3n del carn\u00e9 de aplicador de productos fitosanitarios.<\/p><\/div>\n\t\t<\/div>\n\n\t<\/div>\n<\/article>\n<article class=\"jet-portfolio__item visible-status\" data-slug=\"{&quot;0&quot;:&quot;all&quot;}\">\n\t<div class=\"jet-portfolio__inner\">\n\t\t<a class=\"jet-portfolio__link \" href=\"https:\/\/ilersis.org\/wp-content\/uploads\/2025\/03\/ILersis-@DaviddelVa-223-baixa.jpg\" data-elementor-open-lightbox=\"yes\">\n\t\t\t<div class=\"jet-portfolio__image\">\n\t\t\t\t<img loading=\"lazy\" decoding=\"async\" class=\"jet-portfolio__image-instance\" src=\"https:\/\/ilersis.org\/wp-content\/uploads\/2025\/03\/ILersis-@DaviddelVa-223-baixa.jpg\" width=\"1500\" height=\"998\"  alt=\"Brigades - Jardineria\" loading=\"lazy\">\t\t\t\t<div class=\"jet-portfolio__image-loader\"><span><\/span><\/div>\n\t\t\t<\/div>\n\t\t<\/a>\n\t\t<div class=\"jet-portfolio__content\">\n\t\t\t<div class=\"jet-portfolio__content-inner\"><h4 class=\"jet-portfolio__title\">Ajardinamiento de rotondas<\/h4><p class=\"jet-portfolio__desc\">Ajardinamiento de rotondas con dise\u00f1os adecuados en cada zona con los elementos necesarios para su correcto mantenimiento y sistemas de riego adaptados a cada espacio.<\/p><\/div>\n\t\t<\/div>\n\n\t<\/div>\n<\/article>\n<article class=\"jet-portfolio__item visible-status\" data-slug=\"{&quot;0&quot;:&quot;all&quot;}\">\n\t<div class=\"jet-portfolio__inner\">\n\t\t<a class=\"jet-portfolio__link \" href=\"https:\/\/ilersis.org\/wp-content\/uploads\/2024\/11\/jardineria_0010.jpg\" data-elementor-open-lightbox=\"yes\">\n\t\t\t<div class=\"jet-portfolio__image\">\n\t\t\t\t<img loading=\"lazy\" decoding=\"async\" class=\"jet-portfolio__image-instance\" src=\"https:\/\/ilersis.org\/wp-content\/uploads\/2024\/11\/jardineria_0010.jpg\" width=\"900\" height=\"600\"  alt=\"jardineria_0010\" loading=\"lazy\">\t\t\t\t<div class=\"jet-portfolio__image-loader\"><span><\/span><\/div>\n\t\t\t<\/div>\n\t\t<\/a>\n\t\t<div class=\"jet-portfolio__content\">\n\t\t\t<div class=\"jet-portfolio__content-inner\"><h4 class=\"jet-portfolio__title\">Ajardinamiento de medias en v\u00eda p\u00fablica<\/h4><p class=\"jet-portfolio__desc\">Incluyendo la colocaci\u00f3n de plantas y arbustos r\u00fasticos o decorativos adaptados a un medio tan agresivo como los m\u00e1rgenes de las carreteras<\/p><\/div>\n\t\t<\/div>\n\n\t<\/div>\n<\/article>\n<article class=\"jet-portfolio__item visible-status\" data-slug=\"{&quot;0&quot;:&quot;all&quot;}\">\n\t<div class=\"jet-portfolio__inner\">\n\t\t<a class=\"jet-portfolio__link \" href=\"https:\/\/ilersis.org\/wp-content\/uploads\/2024\/11\/jardineria_0011.jpg\" data-elementor-open-lightbox=\"yes\">\n\t\t\t<div class=\"jet-portfolio__image\">\n\t\t\t\t<img loading=\"lazy\" decoding=\"async\" class=\"jet-portfolio__image-instance\" src=\"https:\/\/ilersis.org\/wp-content\/uploads\/2024\/11\/jardineria_0011.jpg\" width=\"900\" height=\"600\"  alt=\"jardineria_0011\" loading=\"lazy\">\t\t\t\t<div class=\"jet-portfolio__image-loader\"><span><\/span><\/div>\n\t\t\t<\/div>\n\t\t<\/a>\n\t\t<div class=\"jet-portfolio__content\">\n\t\t\t<div class=\"jet-portfolio__content-inner\"><h4 class=\"jet-portfolio__title\">Limpieza y desbroce de m\u00e1rgenes de v\u00edas p\u00fablicas<\/h4><p class=\"jet-portfolio__desc\">Limpiar y desbrozar los m\u00e1rgenes de carreteras y autopistas es esencial para la seguridad del tr\u00e1fico. Por eso contamos con el personal y la maquinaria adecuada a las caracter\u00edsticas tan exigentes de este tipo de actuaciones. <\/p><\/div>\n\t\t<\/div>\n\n\t<\/div>\n<\/article>\n<article class=\"jet-portfolio__item visible-status\" data-slug=\"{&quot;0&quot;:&quot;all&quot;}\">\n\t<div class=\"jet-portfolio__inner\">\n\t\t<a class=\"jet-portfolio__link \" href=\"https:\/\/ilersis.org\/wp-content\/uploads\/2024\/11\/jardineria_0008.jpg\" data-elementor-open-lightbox=\"yes\">\n\t\t\t<div class=\"jet-portfolio__image\">\n\t\t\t\t<img loading=\"lazy\" decoding=\"async\" class=\"jet-portfolio__image-instance\" src=\"https:\/\/ilersis.org\/wp-content\/uploads\/2024\/11\/jardineria_0008.jpg\" width=\"900\" height=\"600\"  alt=\"jardineria_0008\" loading=\"lazy\">\t\t\t\t<div class=\"jet-portfolio__image-loader\"><span><\/span><\/div>\n\t\t\t<\/div>\n\t\t<\/a>\n\t\t<div class=\"jet-portfolio__content\">\n\t\t\t<div class=\"jet-portfolio__content-inner\"><h4 class=\"jet-portfolio__title\">Endoterapia<\/h4><p class=\"jet-portfolio__desc\">Se trata de un sistema de control de plagas y enfermedades que consiste en inyectar productos fitosanitarios o combinaciones de nutrientes directamente en el sistema vascular de las plantas. La endoterapia vegetal es sostenible, no contamina el medio ambiente y no requiere agua para su aplicaci\u00f3n.<\/p><\/div>\n\t\t<\/div>\n\n\t<\/div>\n<\/article>\n<\/div><\/div>\n<\/div>\t\t\t\t<\/div>\n\t\t\t\t<\/div>\n\t\t\t\t\t<\/div>\n\t\t\t\t<\/div>\n\t\t<div class=\"elementor-element elementor-element-fde3a00 e-flex e-con-boxed e-con e-parent\" data-id=\"fde3a00\" data-element_type=\"container\" data-settings=\"{&quot;jet_parallax_layout_list&quot;:[]}\">\n\t\t\t\t\t<div class=\"e-con-inner\">\n\t\t\t\t<div class=\"elementor-element elementor-element-b317aae jet-dropbar-tablet-position-bottom-center jet-dropbar-position-bottom-center elementor-widget elementor-widget-jet-dropbar\" data-id=\"b317aae\" data-element_type=\"widget\" data-widget_type=\"jet-dropbar.default\">\n\t\t\t\t<div class=\"elementor-widget-container\">\n\t\t\t\t\t<div class=\"elementor-jet-dropbar jet-elements\">\n<div class=\"jet-dropbar jet-dropbar--fade-effect\" data-settings=\"{&quot;mode&quot;:&quot;hover&quot;,&quot;hide_delay&quot;:500,&quot;ajax_template&quot;:&quot;false&quot;,&quot;template_id&quot;:&quot;17342&quot;,&quot;signature&quot;:&quot;c0945a0d13bb97b0eb282ac7ad68a5f8&quot;}\">\n\t<div class=\"jet-dropbar__inner\">\n<button class=\"jet-dropbar__button\"><span class=\"jet-dropbar__button-text\">PIDE PRESUPUESTO<\/span><\/button>\n<div class=\"jet-dropbar__content-wrapper\">\n\t<div class=\"jet-dropbar__content\">\t\t<div data-elementor-type=\"section\" data-elementor-id=\"19750\" class=\"elementor elementor-19750 elementor-17342\" data-elementor-post-type=\"elementor_library\">\n\t\t\t<div class=\"elementor-element elementor-element-4354d49 e-flex e-con-boxed e-con e-parent\" data-id=\"4354d49\" data-element_type=\"container\" data-settings=\"{&quot;jet_parallax_layout_list&quot;:[],&quot;background_background&quot;:&quot;classic&quot;}\">\n\t\t\t\t\t<div class=\"e-con-inner\">\n\t\t\t\t<div class=\"elementor-element elementor-element-4001470 elementor-widget elementor-widget-heading\" data-id=\"4001470\" data-element_type=\"widget\" data-widget_type=\"heading.default\">\n\t\t\t\t<div class=\"elementor-widget-container\">\n\t\t\t\t\t<h2 class=\"elementor-heading-title elementor-size-default\">P\u00eddanos presupuesto<\/h2>\t\t\t\t<\/div>\n\t\t\t\t<\/div>\n\t\t\t\t<div class=\"elementor-element elementor-element-c96cf79 elementor-button-align-center elementor-widget elementor-widget-form\" data-id=\"c96cf79\" data-element_type=\"widget\" data-settings=\"{&quot;step_next_label&quot;:&quot;Next&quot;,&quot;step_previous_label&quot;:&quot;Previous&quot;,&quot;button_width&quot;:&quot;100&quot;,&quot;step_type&quot;:&quot;number_text&quot;,&quot;step_icon_shape&quot;:&quot;circle&quot;}\" data-widget_type=\"form.default\">\n\t\t\t\t<div class=\"elementor-widget-container\">\n\t\t\t\t\t\t\t<form class=\"elementor-form\" method=\"post\" name=\"Trabaja con Nosotros\">\n\t\t\t<input type=\"hidden\" name=\"post_id\" value=\"19750\"\/>\n\t\t\t<input type=\"hidden\" name=\"form_id\" value=\"c96cf79\"\/>\n\t\t\t<input type=\"hidden\" name=\"referer_title\" value=\"Ilersis\" \/>\n\n\t\t\t\n\t\t\t<div class=\"elementor-form-fields-wrapper elementor-labels-above\">\n\t\t\t\t\t\t\t\t<div class=\"elementor-field-type-text elementor-field-group elementor-column elementor-field-group-nom elementor-col-50 elementor-field-required\">\n\t\t\t\t\t\t\t\t\t\t\t\t\t<input size=\"1\" type=\"text\" name=\"form_fields[nom]\" id=\"form-field-nom\" class=\"elementor-field elementor-size-sm  elementor-field-textual\" placeholder=\"Nombre\" required=\"required\">\n\t\t\t\t\t\t\t\t\t\t\t<\/div>\n\t\t\t\t\t\t\t\t<div class=\"elementor-field-type-text elementor-field-group elementor-column elementor-field-group-cognoms elementor-col-50 elementor-field-required\">\n\t\t\t\t\t\t\t\t\t\t\t\t\t<input size=\"1\" type=\"text\" name=\"form_fields[cognoms]\" id=\"form-field-cognoms\" class=\"elementor-field elementor-size-sm  elementor-field-textual\" placeholder=\"Poblaci\u00f3n\" required=\"required\">\n\t\t\t\t\t\t\t\t\t\t\t<\/div>\n\t\t\t\t\t\t\t\t<div class=\"elementor-field-type-email elementor-field-group elementor-column elementor-field-group-email elementor-col-50 elementor-field-required\">\n\t\t\t\t\t\t\t\t\t\t\t\t\t<input size=\"1\" type=\"email\" name=\"form_fields[email]\" id=\"form-field-email\" class=\"elementor-field elementor-size-sm  elementor-field-textual\" placeholder=\"Correo electr\u00f3nico\" required=\"required\">\n\t\t\t\t\t\t\t\t\t\t\t<\/div>\n\t\t\t\t\t\t\t\t<div class=\"elementor-field-type-tel elementor-field-group elementor-column elementor-field-group-telefon elementor-col-50 elementor-field-required\">\n\t\t\t\t\t\t\t<input size=\"1\" type=\"tel\" name=\"form_fields[telefon]\" id=\"form-field-telefon\" class=\"elementor-field elementor-size-sm  elementor-field-textual\" placeholder=\"Tel\u00e9fono\" required=\"required\" pattern=\"[0-9()#&amp;+*-=.]+\" title=\"Solo se aceptan n\u00fameros y caracteres de tel\u00e9fono (#,-,*,etc).\">\n\n\t\t\t\t\t\t<\/div>\n\t\t\t\t\t\t\t\t<div class=\"elementor-field-type-textarea elementor-field-group elementor-column elementor-field-group-field_caeaa59 elementor-col-100\">\n\t\t\t\t\t<textarea class=\"elementor-field-textual elementor-field  elementor-size-sm\" name=\"form_fields[field_caeaa59]\" id=\"form-field-field_caeaa59\" rows=\"4\" placeholder=\"Mensaje\"><\/textarea>\t\t\t\t<\/div>\n\t\t\t\t\t\t\t\t<div class=\"elementor-field-type-text\">\n\t\t\t\t\t<input size=\"1\" type=\"text\" name=\"form_fields[field_b0fc728]\" id=\"form-field-field_b0fc728\" class=\"elementor-field elementor-size-sm \" style=\"display:none !important;\">\t\t\t\t<\/div>\n\t\t\t\t\t\t\t\t<div class=\"elementor-field-type-acceptance elementor-field-group elementor-column elementor-field-group-legal elementor-col-100 elementor-field-required\">\n\t\t\t\t\t\t\t<div class=\"elementor-field-subgroup\">\n\t\t\t<span class=\"elementor-field-option\">\n\t\t\t\t<input type=\"checkbox\" name=\"form_fields[legal]\" id=\"form-field-legal\" class=\"elementor-field elementor-size-sm  elementor-acceptance-field\" required=\"required\">\n\t\t\t\t<label for=\"form-field-legal\">Acepto la <a href=\"https:\/\/ilersis.org\/politica-privacitat-i-avis-legal\/\" target=\"_blank\" style=\"color:#B2A54A\">pol\u00edtica de privacidad y aviso legal<\/a> <span style=\"color:red\">*<\/span><\/label>\t\t\t<\/span>\n\t\t<\/div>\n\t\t\t\t\t\t<\/div>\n\t\t\t\t\t\t\t\t<div class=\"elementor-field-type-recaptcha_v3 elementor-field-group elementor-column elementor-field-group-field_54f22d4 elementor-col-100 recaptcha_v3-bottomright\">\n\t\t\t\t\t<div class=\"elementor-field\" id=\"form-field-field_54f22d4\"><div class=\"elementor-g-recaptcha\" data-sitekey=\"6LdjEdgqAAAAAPJjxS0avgKfhRJLt_PmZvT2faEi\" data-type=\"v3\" data-action=\"Form\" data-badge=\"bottomright\" data-size=\"invisible\"><\/div><\/div>\t\t\t\t<\/div>\n\t\t\t\t\t\t\t\t<div class=\"elementor-field-group elementor-column elementor-field-type-submit elementor-col-100 e-form__buttons\">\n\t\t\t\t\t<button class=\"elementor-button elementor-size-md\" type=\"submit\">\n\t\t\t\t\t\t<span class=\"elementor-button-content-wrapper\">\n\t\t\t\t\t\t\t\t\t\t\t\t\t\t\t\t\t\t\t\t\t\t<span class=\"elementor-button-text\">Enviar<\/span>\n\t\t\t\t\t\t\t\t\t\t\t\t\t<\/span>\n\t\t\t\t\t<\/button>\n\t\t\t\t<\/div>\n\t\t\t<\/div>\n\t\t<\/form>\n\t\t\t\t\t\t<\/div>\n\t\t\t\t<\/div>\n\t\t\t\t\t<\/div>\n\t\t\t\t<\/div>\n\t\t\t\t<\/div>\n\t\t<\/div>\n<\/div><\/div>\n<\/div>\n<\/div>\t\t\t\t<\/div>\n\t\t\t\t<\/div>\n\t\t\t\t\t<\/div>\n\t\t\t\t<\/div>\n\t\t<div class=\"elementor-element elementor-element-188bbe6 e-flex e-con-boxed e-con e-parent\" data-id=\"188bbe6\" data-element_type=\"container\" data-settings=\"{&quot;background_background&quot;:&quot;classic&quot;,&quot;jet_parallax_layout_list&quot;:[]}\">\n\t\t\t\t\t<div class=\"e-con-inner\">\n\t\t\t\t<div class=\"elementor-element elementor-element-c0a018f elementor-widget elementor-widget-heading\" data-id=\"c0a018f\" data-element_type=\"widget\" data-widget_type=\"heading.default\">\n\t\t\t\t<div class=\"elementor-widget-container\">\n\t\t\t\t\t<h2 class=\"elementor-heading-title elementor-size-default\"><a href=\"https:\/\/ilersis.org\/es\/lgd\/\" target=\"_blank\">Cumple con las medidas alternativas de la Ley General de Personas con Discapadidad (LGD)<\/a><\/h2>\t\t\t\t<\/div>\n\t\t\t\t<\/div>\n\t\t\t\t<div class=\"elementor-element elementor-element-98f5c5e elementor-widget elementor-widget-text-editor\" data-id=\"98f5c5e\" data-element_type=\"widget\" data-widget_type=\"text-editor.default\">\n\t\t\t\t<div class=\"elementor-widget-container\">\n\t\t\t\t\t\t\t\t\t<p>La Ley General de Personas con Discapacidad (LGD)\u00a0establece la obligaci\u00f3n para las<strong> empresas de 50 o m\u00e1s trabajadores<\/strong> de reservar al menos el 2% de la plantilla para personas con discapacidad. Cuando esta contrataci\u00f3n no sea posible por motivos justificados, las empresas pueden cumplir la normativa mediante medidas alternativas, como la contrataci\u00f3n de servicios en Centros Especiales de Trabajo u otras acciones equivalentes.<\/p>\t\t\t\t\t\t\t\t<\/div>\n\t\t\t\t<\/div>\n\t\t\t\t<div class=\"elementor-element elementor-element-3e4e9cf elementor-widget__width-initial elementor-align-center elementor-widget elementor-widget-button\" data-id=\"3e4e9cf\" data-element_type=\"widget\" data-widget_type=\"button.default\">\n\t\t\t\t<div class=\"elementor-widget-container\">\n\t\t\t\t\t\t\t\t\t<div class=\"elementor-button-wrapper\">\n\t\t\t\t\t<a class=\"elementor-button elementor-button-link elementor-size-sm\" href=\"https:\/\/ilersis.org\/es\/lgd\/\" target=\"_blank\">\n\t\t\t\t\t\t<span class=\"elementor-button-content-wrapper\">\n\t\t\t\t\t\t\t\t\t<span class=\"elementor-button-text\">M\u00c1S INFORMACI\u00d3N<\/span>\n\t\t\t\t\t<\/span>\n\t\t\t\t\t<\/a>\n\t\t\t\t<\/div>\n\t\t\t\t\t\t\t\t<\/div>\n\t\t\t\t<\/div>\n\t\t\t\t\t<\/div>\n\t\t\t\t<\/div>\n\t\t<div class=\"elementor-element elementor-element-46ead32 e-flex e-con-boxed e-con e-parent\" data-id=\"46ead32\" data-element_type=\"container\" data-settings=\"{&quot;background_background&quot;:&quot;classic&quot;,&quot;jet_parallax_layout_list&quot;:[]}\">\n\t\t\t\t\t<div class=\"e-con-inner\">\n\t\t<div class=\"elementor-element elementor-element-a8f2245 e-con-full e-flex e-con e-child\" data-id=\"a8f2245\" data-element_type=\"container\" data-settings=\"{&quot;jet_parallax_layout_list&quot;:[]}\">\n\t\t\t\t<div class=\"elementor-element elementor-element-241d44c elementor-widget__width-initial elementor-widget elementor-widget-heading\" data-id=\"241d44c\" data-element_type=\"widget\" data-widget_type=\"heading.default\">\n\t\t\t\t<div class=\"elementor-widget-container\">\n\t\t\t\t\t<h2 class=\"elementor-heading-title elementor-size-default\">Descarga el cat\u00e1logo<\/h2>\t\t\t\t<\/div>\n\t\t\t\t<\/div>\n\t\t\t\t<\/div>\n\t\t<div class=\"elementor-element elementor-element-35c361d e-con-full e-flex e-con e-child\" data-id=\"35c361d\" data-element_type=\"container\" data-settings=\"{&quot;jet_parallax_layout_list&quot;:[]}\">\n\t\t\t\t<div class=\"elementor-element elementor-element-49ec720 elementor-view-stacked elementor-widget__width-initial elementor-shape-circle elementor-position-top elementor-mobile-position-top elementor-widget elementor-widget-icon-box\" data-id=\"49ec720\" data-element_type=\"widget\" data-widget_type=\"icon-box.default\">\n\t\t\t\t<div class=\"elementor-widget-container\">\n\t\t\t\t\t\t\t<div class=\"elementor-icon-box-wrapper\">\n\n\t\t\t\t\t\t<div class=\"elementor-icon-box-icon\">\n\t\t\t\t<span  class=\"elementor-icon\">\n\t\t\t\t<svg aria-hidden=\"true\" class=\"e-font-icon-svg e-fas-book-open\" viewBox=\"0 0 576 512\" xmlns=\"http:\/\/www.w3.org\/2000\/svg\"><path d=\"M542.22 32.05c-54.8 3.11-163.72 14.43-230.96 55.59-4.64 2.84-7.27 7.89-7.27 13.17v363.87c0 11.55 12.63 18.85 23.28 13.49 69.18-34.82 169.23-44.32 218.7-46.92 16.89-.89 30.02-14.43 30.02-30.66V62.75c.01-17.71-15.35-31.74-33.77-30.7zM264.73 87.64C197.5 46.48 88.58 35.17 33.78 32.05 15.36 31.01 0 45.04 0 62.75V400.6c0 16.24 13.13 29.78 30.02 30.66 49.49 2.6 149.59 12.11 218.77 46.95 10.62 5.35 23.21-1.94 23.21-13.46V100.63c0-5.29-2.62-10.14-7.27-12.99z\"><\/path><\/svg>\t\t\t\t<\/span>\n\t\t\t<\/div>\n\t\t\t\n\t\t\t\t\t\t<div class=\"elementor-icon-box-content\">\n\n\t\t\t\t\t\t\t\t\t<h3 class=\"elementor-icon-box-title\">\n\t\t\t\t\t\t<span  >\n\t\t\t\t\t\t\tJardiner\u00eda\t\t\t\t\t\t<\/span>\n\t\t\t\t\t<\/h3>\n\t\t\t\t\n\t\t\t\t\n\t\t\t<\/div>\n\t\t\t\n\t\t<\/div>\n\t\t\t\t\t\t<\/div>\n\t\t\t\t<\/div>\n\t\t\t\t<div class=\"elementor-element elementor-element-0fd530e elementor-align-center elementor-widget__width-initial elementor-widget elementor-widget-button\" data-id=\"0fd530e\" data-element_type=\"widget\" data-widget_type=\"button.default\">\n\t\t\t\t<div class=\"elementor-widget-container\">\n\t\t\t\t\t\t\t\t\t<div class=\"elementor-button-wrapper\">\n\t\t\t\t\t<a class=\"elementor-button elementor-button-link elementor-size-sm\" href=\"https:\/\/ilersis.org\/docs\/Serveis_de_brigades_2023.pdf\" target=\"_blank\">\n\t\t\t\t\t\t<span class=\"elementor-button-content-wrapper\">\n\t\t\t\t\t\t\t\t\t<span class=\"elementor-button-text\">Descargar<\/span>\n\t\t\t\t\t<\/span>\n\t\t\t\t\t<\/a>\n\t\t\t\t<\/div>\n\t\t\t\t\t\t\t\t<\/div>\n\t\t\t\t<\/div>\n\t\t\t\t<\/div>\n\t\t\t\t\t<\/div>\n\t\t\t\t<\/div>\n\t\t<div class=\"elementor-element elementor-element-609deab e-flex e-con-boxed e-con e-parent\" data-id=\"609deab\" data-element_type=\"container\" data-settings=\"{&quot;jet_parallax_layout_list&quot;:[]}\">\n\t\t\t\t\t<div class=\"e-con-inner\">\n\t\t\t\t<div class=\"elementor-element elementor-element-f750775 elementor-widget elementor-widget-heading\" data-id=\"f750775\" data-element_type=\"widget\" data-widget_type=\"heading.default\">\n\t\t\t\t<div class=\"elementor-widget-container\">\n\t\t\t\t\t<h1 class=\"elementor-heading-title elementor-size-default\">\u00daLTIMAS NOTICIAS DE JARDINER\u00cdA Y MEDIO AMBIENTE<\/h1>\t\t\t\t<\/div>\n\t\t\t\t<\/div>\n\t\t\t\t<div class=\"elementor-element elementor-element-58713cc elementor-grid-tablet-1 elementor-grid-3 elementor-grid-mobile-1 elementor-posts--thumbnail-top elementor-widget elementor-widget-posts\" data-id=\"58713cc\" data-element_type=\"widget\" data-settings=\"{&quot;classic_row_gap&quot;:{&quot;unit&quot;:&quot;px&quot;,&quot;size&quot;:&quot;80&quot;,&quot;sizes&quot;:[]},&quot;classic_columns_tablet&quot;:&quot;1&quot;,&quot;classic_row_gap_mobile&quot;:{&quot;unit&quot;:&quot;px&quot;,&quot;size&quot;:51,&quot;sizes&quot;:[]},&quot;classic_columns&quot;:&quot;3&quot;,&quot;classic_columns_mobile&quot;:&quot;1&quot;,&quot;classic_row_gap_tablet&quot;:{&quot;unit&quot;:&quot;px&quot;,&quot;size&quot;:&quot;&quot;,&quot;sizes&quot;:[]}}\" data-widget_type=\"posts.classic\">\n\t\t\t\t<div class=\"elementor-widget-container\">\n\t\t\t\t\t\t\t<div class=\"elementor-posts-container elementor-posts elementor-posts--skin-classic elementor-grid\">\n\t\t\t\t<article class=\"elementor-post elementor-grid-item post-21219 post type-post status-publish format-standard has-post-thumbnail hentry category-ilersis-es category-jardineria-y-medio-ambiente\">\n\t\t\t\t<a class=\"elementor-post__thumbnail__link\" href=\"https:\/\/ilersis.org\/es\/ilersis-es\/la-brigada-de-jardineria-de-ilersis-gestionara-el-mantenimiento-de-las-zonas-verdes-de-torrefarrera\/\" tabindex=\"-1\" >\n\t\t\t<div class=\"elementor-post__thumbnail\"><img decoding=\"async\" width=\"2048\" height=\"1153\" src=\"https:\/\/ilersis.org\/wp-content\/uploads\/2025\/05\/20250507_jardineria_tf.jpeg\" class=\"attachment-full size-full wp-image-21211\" alt=\"Representants municipals de l&#039;Ajuntament de Torrefarrera amb el gerent d\u2019Ilersis, Isaac Casanovas.\" srcset=\"https:\/\/ilersis.org\/wp-content\/uploads\/2025\/05\/20250507_jardineria_tf.jpeg 2048w, https:\/\/ilersis.org\/wp-content\/uploads\/2025\/05\/20250507_jardineria_tf-300x169.jpeg 300w, https:\/\/ilersis.org\/wp-content\/uploads\/2025\/05\/20250507_jardineria_tf-1024x577.jpeg 1024w, https:\/\/ilersis.org\/wp-content\/uploads\/2025\/05\/20250507_jardineria_tf-768x432.jpeg 768w, https:\/\/ilersis.org\/wp-content\/uploads\/2025\/05\/20250507_jardineria_tf-1536x865.jpeg 1536w, https:\/\/ilersis.org\/wp-content\/uploads\/2025\/05\/20250507_jardineria_tf-1320x743.jpeg 1320w\" sizes=\"(max-width: 2048px) 100vw, 2048px\" \/><\/div>\n\t\t<\/a>\n\t\t\t\t<div class=\"elementor-post__text\">\n\t\t\t\t<h4 class=\"elementor-post__title\">\n\t\t\t<a href=\"https:\/\/ilersis.org\/es\/ilersis-es\/la-brigada-de-jardineria-de-ilersis-gestionara-el-mantenimiento-de-las-zonas-verdes-de-torrefarrera\/\" >\n\t\t\t\tLa brigada de jardiner\u00eda de Ilersis gestionar\u00e1 el mantenimiento de las zonas verdes de Torrefarrera\t\t\t<\/a>\n\t\t<\/h4>\n\t\t\t\t<div class=\"elementor-post__meta-data\">\n\t\t\t\t\t<span class=\"elementor-post-date\">\n\t\t\t8 de mayo de 2025\t\t<\/span>\n\t\t\t\t<\/div>\n\t\t\t\t<div class=\"elementor-post__excerpt\">\n\t\t\t<p>En la Fundaci\u00f3 Privada Ilersis empezamos un nuevo proyecto con mucha ilusi\u00f3n: hemos formalizado el contrato con el Ayuntamiento de<\/p>\n\t\t<\/div>\n\t\t\t\t\t<div class=\"elementor-post__read-more-wrapper\">\n\t\t\n\t\t<a class=\"elementor-post__read-more\" href=\"https:\/\/ilersis.org\/es\/ilersis-es\/la-brigada-de-jardineria-de-ilersis-gestionara-el-mantenimiento-de-las-zonas-verdes-de-torrefarrera\/\" aria-label=\"M\u00e1s informaci\u00f3n sobre La brigada de jardiner\u00eda de Ilersis gestionar\u00e1 el mantenimiento de las zonas verdes de Torrefarrera\" tabindex=\"-1\" >\n\t\t\tLeer m\u00e1s\t\t<\/a>\n\n\t\t\t\t\t<\/div>\n\t\t\t\t<\/div>\n\t\t\t\t<\/article>\n\t\t\t\t<article class=\"elementor-post elementor-grid-item post-20497 post type-post status-publish format-standard has-post-thumbnail hentry category-ilersis-es category-jardineria-y-medio-ambiente\">\n\t\t\t\t<a class=\"elementor-post__thumbnail__link\" href=\"https:\/\/ilersis.org\/es\/jardineria-y-medio-ambiente\/la-fundacion-privada-ilersis-apuesta-por-el-autoconsumo-solar\/\" tabindex=\"-1\" >\n\t\t\t<div class=\"elementor-post__thumbnail\"><img loading=\"lazy\" decoding=\"async\" width=\"2048\" height=\"1536\" src=\"https:\/\/ilersis.org\/wp-content\/uploads\/2025\/03\/20220826_11.jpg\" class=\"attachment-full size-full wp-image-20470\" alt=\"plaques solars Ilersis\" srcset=\"https:\/\/ilersis.org\/wp-content\/uploads\/2025\/03\/20220826_11.jpg 2048w, https:\/\/ilersis.org\/wp-content\/uploads\/2025\/03\/20220826_11-300x225.jpg 300w, https:\/\/ilersis.org\/wp-content\/uploads\/2025\/03\/20220826_11-1024x768.jpg 1024w, https:\/\/ilersis.org\/wp-content\/uploads\/2025\/03\/20220826_11-768x576.jpg 768w, https:\/\/ilersis.org\/wp-content\/uploads\/2025\/03\/20220826_11-1536x1152.jpg 1536w, https:\/\/ilersis.org\/wp-content\/uploads\/2025\/03\/20220826_11-1320x990.jpg 1320w\" sizes=\"(max-width: 2048px) 100vw, 2048px\" \/><\/div>\n\t\t<\/a>\n\t\t\t\t<div class=\"elementor-post__text\">\n\t\t\t\t<h4 class=\"elementor-post__title\">\n\t\t\t<a href=\"https:\/\/ilersis.org\/es\/jardineria-y-medio-ambiente\/la-fundacion-privada-ilersis-apuesta-por-el-autoconsumo-solar\/\" >\n\t\t\t\tLa Fundaci\u00f3n Privada Ilersis apuesta por el autoconsumo solar para un futuro m\u00e1s respetuoso con el medio ambiente\t\t\t<\/a>\n\t\t<\/h4>\n\t\t\t\t<div class=\"elementor-post__meta-data\">\n\t\t\t\t\t<span class=\"elementor-post-date\">\n\t\t\t25 de marzo de 2025\t\t<\/span>\n\t\t\t\t<\/div>\n\t\t\t\t<div class=\"elementor-post__excerpt\">\n\t\t\t<p>Con el objetivo de impulsar el autoconsumo y la sostenibilidad energ\u00e9tica, la Fundaci\u00f3n Privada Ilersis ha instalado placas solares fotovoltaicas<\/p>\n\t\t<\/div>\n\t\t\t\t\t<div class=\"elementor-post__read-more-wrapper\">\n\t\t\n\t\t<a class=\"elementor-post__read-more\" href=\"https:\/\/ilersis.org\/es\/jardineria-y-medio-ambiente\/la-fundacion-privada-ilersis-apuesta-por-el-autoconsumo-solar\/\" aria-label=\"M\u00e1s informaci\u00f3n sobre La Fundaci\u00f3n Privada Ilersis apuesta por el autoconsumo solar para un futuro m\u00e1s respetuoso con el medio ambiente\" tabindex=\"-1\" >\n\t\t\tLeer m\u00e1s\t\t<\/a>\n\n\t\t\t\t\t<\/div>\n\t\t\t\t<\/div>\n\t\t\t\t<\/article>\n\t\t\t\t<article class=\"elementor-post elementor-grid-item post-19518 post type-post status-publish format-standard has-post-thumbnail hentry category-ilersis-es category-jardineria-y-medio-ambiente category-packaging-de-madera\">\n\t\t\t\t<a class=\"elementor-post__thumbnail__link\" href=\"https:\/\/ilersis.org\/es\/ilersis-es\/ilersis-instala-un-sistema-de-climatizacion-que-reaprovecha-su-residuo-industrial\/\" tabindex=\"-1\" >\n\t\t\t<div class=\"elementor-post__thumbnail\"><img loading=\"lazy\" decoding=\"async\" width=\"1200\" height=\"801\" src=\"https:\/\/ilersis.org\/wp-content\/uploads\/2024\/06\/ILersis-@DaviddelVal-146-baixa-1.jpg\" class=\"attachment-full size-full wp-image-19343\" alt=\"\" srcset=\"https:\/\/ilersis.org\/wp-content\/uploads\/2024\/06\/ILersis-@DaviddelVal-146-baixa-1.jpg 1200w, https:\/\/ilersis.org\/wp-content\/uploads\/2024\/06\/ILersis-@DaviddelVal-146-baixa-1-300x200.jpg 300w, https:\/\/ilersis.org\/wp-content\/uploads\/2024\/06\/ILersis-@DaviddelVal-146-baixa-1-1024x684.jpg 1024w, https:\/\/ilersis.org\/wp-content\/uploads\/2024\/06\/ILersis-@DaviddelVal-146-baixa-1-768x513.jpg 768w\" sizes=\"(max-width: 1200px) 100vw, 1200px\" \/><\/div>\n\t\t<\/a>\n\t\t\t\t<div class=\"elementor-post__text\">\n\t\t\t\t<h4 class=\"elementor-post__title\">\n\t\t\t<a href=\"https:\/\/ilersis.org\/es\/ilersis-es\/ilersis-instala-un-sistema-de-climatizacion-que-reaprovecha-su-residuo-industrial\/\" >\n\t\t\t\tIlersis instala un sistema de climatizaci\u00f3n que reaprovecha su residuo industrial\t\t\t<\/a>\n\t\t<\/h4>\n\t\t\t\t<div class=\"elementor-post__meta-data\">\n\t\t\t\t\t<span class=\"elementor-post-date\">\n\t\t\t18 de junio de 2024\t\t<\/span>\n\t\t\t\t<\/div>\n\t\t\t\t<div class=\"elementor-post__excerpt\">\n\t\t\t<p>La Fundaci\u00f3n Ilersis ha completado la instalaci\u00f3n de una caldera de biomasa y un sistema de climatizaci\u00f3n por aerotermia en<\/p>\n\t\t<\/div>\n\t\t\t\t\t<div class=\"elementor-post__read-more-wrapper\">\n\t\t\n\t\t<a class=\"elementor-post__read-more\" href=\"https:\/\/ilersis.org\/es\/ilersis-es\/ilersis-instala-un-sistema-de-climatizacion-que-reaprovecha-su-residuo-industrial\/\" aria-label=\"M\u00e1s informaci\u00f3n sobre Ilersis instala un sistema de climatizaci\u00f3n que reaprovecha su residuo industrial\" tabindex=\"-1\" >\n\t\t\tLeer m\u00e1s\t\t<\/a>\n\n\t\t\t\t\t<\/div>\n\t\t\t\t<\/div>\n\t\t\t\t<\/article>\n\t\t\t\t<\/div>\n\t\t\n\t\t\t\t\t\t<\/div>\n\t\t\t\t<\/div>\n\t\t\t\t\t<\/div>\n\t\t\t\t<\/div>\n\t\t<div class=\"elementor-element elementor-element-4b96d86 elementor-hidden-tablet elementor-hidden-mobile e-flex e-con-boxed e-con e-parent\" data-id=\"4b96d86\" data-element_type=\"container\" data-settings=\"{&quot;background_background&quot;:&quot;classic&quot;,&quot;jet_parallax_layout_list&quot;:[]}\">\n\t\t\t\t\t<div class=\"e-con-inner\">\n\t\t<div class=\"elementor-element elementor-element-ad97384 e-con-full e-flex e-con e-child\" data-id=\"ad97384\" data-element_type=\"container\" data-settings=\"{&quot;jet_parallax_layout_list&quot;:[]}\">\n\t\t\t\t<div class=\"elementor-element elementor-element-94a2c2e elementor-widget__width-initial elementor-position-top elementor-widget elementor-widget-image-box\" data-id=\"94a2c2e\" data-element_type=\"widget\" data-widget_type=\"image-box.default\">\n\t\t\t\t<div class=\"elementor-widget-container\">\n\t\t\t\t\t<div class=\"elementor-image-box-wrapper\"><figure class=\"elementor-image-box-img\"><img loading=\"lazy\" decoding=\"async\" width=\"300\" height=\"300\" src=\"https:\/\/ilersis.org\/wp-content\/uploads\/2024\/12\/1-1-1-300x300.png\" class=\"elementor-animation-grow attachment-medium size-medium wp-image-17354\" alt=\"\" srcset=\"https:\/\/ilersis.org\/wp-content\/uploads\/2024\/12\/1-1-1-300x300.png 300w, https:\/\/ilersis.org\/wp-content\/uploads\/2024\/12\/1-1-1-150x150.png 150w, https:\/\/ilersis.org\/wp-content\/uploads\/2024\/12\/1-1-1.png 400w\" sizes=\"(max-width: 300px) 100vw, 300px\" \/><\/figure><div class=\"elementor-image-box-content\"><h3 class=\"elementor-image-box-title\">Valor Social<\/h3><p class=\"elementor-image-box-description\">Trabajamos para la integraci\u00f3n social y laboral de personas<\/p><\/div><\/div>\t\t\t\t<\/div>\n\t\t\t\t<\/div>\n\t\t\t\t<div class=\"elementor-element elementor-element-98679b8 elementor-widget__width-initial elementor-position-top elementor-widget elementor-widget-image-box\" data-id=\"98679b8\" data-element_type=\"widget\" data-widget_type=\"image-box.default\">\n\t\t\t\t<div class=\"elementor-widget-container\">\n\t\t\t\t\t<div class=\"elementor-image-box-wrapper\"><figure class=\"elementor-image-box-img\"><img loading=\"lazy\" decoding=\"async\" width=\"300\" height=\"300\" src=\"https:\/\/ilersis.org\/wp-content\/uploads\/2024\/12\/2-1-1-300x300.png\" class=\"elementor-animation-grow attachment-medium size-medium wp-image-17353\" alt=\"\" srcset=\"https:\/\/ilersis.org\/wp-content\/uploads\/2024\/12\/2-1-1-300x300.png 300w, https:\/\/ilersis.org\/wp-content\/uploads\/2024\/12\/2-1-1-150x150.png 150w, https:\/\/ilersis.org\/wp-content\/uploads\/2024\/12\/2-1-1.png 400w\" sizes=\"(max-width: 300px) 100vw, 300px\" \/><\/figure><div class=\"elementor-image-box-content\"><h3 class=\"elementor-image-box-title\">Tecnolog\u00eda Puntera<\/h3><p class=\"elementor-image-box-description\">Disponemos de la maquinaria m\u00e1s innovadora del mercado.<\/p><\/div><\/div>\t\t\t\t<\/div>\n\t\t\t\t<\/div>\n\t\t\t\t<div class=\"elementor-element elementor-element-086bccb elementor-widget__width-initial elementor-position-top elementor-widget elementor-widget-image-box\" data-id=\"086bccb\" data-element_type=\"widget\" data-widget_type=\"image-box.default\">\n\t\t\t\t<div class=\"elementor-widget-container\">\n\t\t\t\t\t<div class=\"elementor-image-box-wrapper\"><figure class=\"elementor-image-box-img\"><img loading=\"lazy\" decoding=\"async\" width=\"300\" height=\"300\" src=\"https:\/\/ilersis.org\/wp-content\/uploads\/2024\/12\/3-1-1-300x300.png\" class=\"elementor-animation-grow attachment-medium size-medium wp-image-17352\" alt=\"\" srcset=\"https:\/\/ilersis.org\/wp-content\/uploads\/2024\/12\/3-1-1-300x300.png 300w, https:\/\/ilersis.org\/wp-content\/uploads\/2024\/12\/3-1-1-150x150.png 150w, https:\/\/ilersis.org\/wp-content\/uploads\/2024\/12\/3-1-1.png 400w\" sizes=\"(max-width: 300px) 100vw, 300px\" \/><\/figure><div class=\"elementor-image-box-content\"><h3 class=\"elementor-image-box-title\">Sostenibilidad<\/h3><p class=\"elementor-image-box-description\">Nuestros procesos productivos est\u00e1n vinculados al bienestar de medio ambiente.<\/p><\/div><\/div>\t\t\t\t<\/div>\n\t\t\t\t<\/div>\n\t\t\t\t<div class=\"elementor-element elementor-element-136d890 elementor-widget__width-initial elementor-position-top elementor-widget elementor-widget-image-box\" data-id=\"136d890\" data-element_type=\"widget\" data-widget_type=\"image-box.default\">\n\t\t\t\t<div class=\"elementor-widget-container\">\n\t\t\t\t\t<div class=\"elementor-image-box-wrapper\"><figure class=\"elementor-image-box-img\"><img loading=\"lazy\" decoding=\"async\" width=\"300\" height=\"300\" src=\"https:\/\/ilersis.org\/wp-content\/uploads\/2024\/12\/4-1-1-300x300.png\" class=\"elementor-animation-grow attachment-medium size-medium wp-image-17355\" alt=\"\" srcset=\"https:\/\/ilersis.org\/wp-content\/uploads\/2024\/12\/4-1-1-300x300.png 300w, https:\/\/ilersis.org\/wp-content\/uploads\/2024\/12\/4-1-1-150x150.png 150w, https:\/\/ilersis.org\/wp-content\/uploads\/2024\/12\/4-1-1.png 400w\" sizes=\"(max-width: 300px) 100vw, 300px\" \/><\/figure><div class=\"elementor-image-box-content\"><h3 class=\"elementor-image-box-title\">Certificaci\u00f3n<\/h3><p class=\"elementor-image-box-description\">Las certificaciones de calidad y gesti\u00f3n avalan nuestro compromiso.\n<\/p><\/div><\/div>\t\t\t\t<\/div>\n\t\t\t\t<\/div>\n\t\t\t\t<\/div>\n\t\t<div class=\"elementor-element elementor-element-87bb553 e-con-full e-flex e-con e-child\" data-id=\"87bb553\" data-element_type=\"container\" data-settings=\"{&quot;background_background&quot;:&quot;classic&quot;,&quot;jet_parallax_layout_list&quot;:[]}\">\n\t\t\t\t<div class=\"elementor-element elementor-element-c21f6aa elementor-align-center elementor-widget__width-initial elementor-widget elementor-widget-button\" data-id=\"c21f6aa\" data-element_type=\"widget\" data-widget_type=\"button.default\">\n\t\t\t\t<div class=\"elementor-widget-container\">\n\t\t\t\t\t\t\t\t\t<div class=\"elementor-button-wrapper\">\n\t\t\t\t\t<a class=\"elementor-button elementor-button-link elementor-size-sm\" href=\"#elementor-action%3Aaction%3Dpopup%3Aopen%26settings%3DeyJpZCI6MTk3MjMsInRvZ2dsZSI6ZmFsc2V9\">\n\t\t\t\t\t\t<span class=\"elementor-button-content-wrapper\">\n\t\t\t\t\t\t\t\t\t<span class=\"elementor-button-text\">Visualizar<\/span>\n\t\t\t\t\t<\/span>\n\t\t\t\t\t<\/a>\n\t\t\t\t<\/div>\n\t\t\t\t\t\t\t\t<\/div>\n\t\t\t\t<\/div>\n\t\t\t\t<\/div>\n\t\t\t\t\t<\/div>\n\t\t\t\t<\/div>\n\t\t<div class=\"elementor-element elementor-element-ef7ee0e elementor-hidden-desktop e-flex e-con-boxed e-con e-parent\" data-id=\"ef7ee0e\" data-element_type=\"container\" data-settings=\"{&quot;background_background&quot;:&quot;classic&quot;,&quot;jet_parallax_layout_list&quot;:[]}\">\n\t\t\t\t\t<div class=\"e-con-inner\">\n\t\t<div class=\"elementor-element elementor-element-b9bd117 e-con-full e-flex e-con e-child\" data-id=\"b9bd117\" data-element_type=\"container\" data-settings=\"{&quot;jet_parallax_layout_list&quot;:[]}\">\n\t\t\t\t<div class=\"elementor-element elementor-element-55267c0 elementor-widget__width-initial elementor-position-top elementor-widget elementor-widget-image-box\" data-id=\"55267c0\" data-element_type=\"widget\" data-widget_type=\"image-box.default\">\n\t\t\t\t<div class=\"elementor-widget-container\">\n\t\t\t\t\t<div class=\"elementor-image-box-wrapper\"><figure class=\"elementor-image-box-img\"><img loading=\"lazy\" decoding=\"async\" width=\"300\" height=\"300\" src=\"https:\/\/ilersis.org\/wp-content\/uploads\/2024\/12\/1-1-1-300x300.png\" class=\"elementor-animation-grow attachment-medium size-medium wp-image-17354\" alt=\"\" srcset=\"https:\/\/ilersis.org\/wp-content\/uploads\/2024\/12\/1-1-1-300x300.png 300w, https:\/\/ilersis.org\/wp-content\/uploads\/2024\/12\/1-1-1-150x150.png 150w, https:\/\/ilersis.org\/wp-content\/uploads\/2024\/12\/1-1-1.png 400w\" sizes=\"(max-width: 300px) 100vw, 300px\" \/><\/figure><div class=\"elementor-image-box-content\"><h3 class=\"elementor-image-box-title\">Valor Social<\/h3><p class=\"elementor-image-box-description\">Trabajamos para la integraci\u00f3n social y laboral de personas<\/p><\/div><\/div>\t\t\t\t<\/div>\n\t\t\t\t<\/div>\n\t\t\t\t<div class=\"elementor-element elementor-element-e067ec1 elementor-widget__width-initial elementor-position-top elementor-widget elementor-widget-image-box\" data-id=\"e067ec1\" data-element_type=\"widget\" data-widget_type=\"image-box.default\">\n\t\t\t\t<div class=\"elementor-widget-container\">\n\t\t\t\t\t<div class=\"elementor-image-box-wrapper\"><figure class=\"elementor-image-box-img\"><img loading=\"lazy\" decoding=\"async\" width=\"300\" height=\"300\" src=\"https:\/\/ilersis.org\/wp-content\/uploads\/2024\/12\/2-1-1-300x300.png\" class=\"elementor-animation-grow attachment-medium size-medium wp-image-17353\" alt=\"\" srcset=\"https:\/\/ilersis.org\/wp-content\/uploads\/2024\/12\/2-1-1-300x300.png 300w, https:\/\/ilersis.org\/wp-content\/uploads\/2024\/12\/2-1-1-150x150.png 150w, https:\/\/ilersis.org\/wp-content\/uploads\/2024\/12\/2-1-1.png 400w\" sizes=\"(max-width: 300px) 100vw, 300px\" \/><\/figure><div class=\"elementor-image-box-content\"><h3 class=\"elementor-image-box-title\">Tecnolog\u00eda Puntera<\/h3><p class=\"elementor-image-box-description\">Disponemos de la maquinaria m\u00e1s innovadora del mercado.<\/p><\/div><\/div>\t\t\t\t<\/div>\n\t\t\t\t<\/div>\n\t\t\t\t<\/div>\n\t\t<div class=\"elementor-element elementor-element-5b50022 e-con-full e-flex e-con e-child\" data-id=\"5b50022\" data-element_type=\"container\" data-settings=\"{&quot;jet_parallax_layout_list&quot;:[]}\">\n\t\t\t\t<div class=\"elementor-element elementor-element-c6b55b3 elementor-widget__width-initial elementor-position-top elementor-widget elementor-widget-image-box\" data-id=\"c6b55b3\" data-element_type=\"widget\" data-widget_type=\"image-box.default\">\n\t\t\t\t<div class=\"elementor-widget-container\">\n\t\t\t\t\t<div class=\"elementor-image-box-wrapper\"><figure class=\"elementor-image-box-img\"><img loading=\"lazy\" decoding=\"async\" width=\"300\" height=\"300\" src=\"https:\/\/ilersis.org\/wp-content\/uploads\/2024\/12\/3-1-1-300x300.png\" class=\"elementor-animation-grow attachment-medium size-medium wp-image-17352\" alt=\"\" srcset=\"https:\/\/ilersis.org\/wp-content\/uploads\/2024\/12\/3-1-1-300x300.png 300w, https:\/\/ilersis.org\/wp-content\/uploads\/2024\/12\/3-1-1-150x150.png 150w, https:\/\/ilersis.org\/wp-content\/uploads\/2024\/12\/3-1-1.png 400w\" sizes=\"(max-width: 300px) 100vw, 300px\" \/><\/figure><div class=\"elementor-image-box-content\"><h3 class=\"elementor-image-box-title\">Sostenibilidad<\/h3><p class=\"elementor-image-box-description\">Nuestros procesos productivos est\u00e1n vinculados al bienestar de medio ambiente.<\/p><\/div><\/div>\t\t\t\t<\/div>\n\t\t\t\t<\/div>\n\t\t\t\t<div class=\"elementor-element elementor-element-6c1115a elementor-widget__width-initial elementor-position-top elementor-widget elementor-widget-image-box\" data-id=\"6c1115a\" data-element_type=\"widget\" data-widget_type=\"image-box.default\">\n\t\t\t\t<div class=\"elementor-widget-container\">\n\t\t\t\t\t<div class=\"elementor-image-box-wrapper\"><figure class=\"elementor-image-box-img\"><img loading=\"lazy\" decoding=\"async\" width=\"300\" height=\"300\" src=\"https:\/\/ilersis.org\/wp-content\/uploads\/2024\/12\/4-1-1-300x300.png\" class=\"elementor-animation-grow attachment-medium size-medium wp-image-17355\" alt=\"\" srcset=\"https:\/\/ilersis.org\/wp-content\/uploads\/2024\/12\/4-1-1-300x300.png 300w, https:\/\/ilersis.org\/wp-content\/uploads\/2024\/12\/4-1-1-150x150.png 150w, https:\/\/ilersis.org\/wp-content\/uploads\/2024\/12\/4-1-1.png 400w\" sizes=\"(max-width: 300px) 100vw, 300px\" \/><\/figure><div class=\"elementor-image-box-content\"><h3 class=\"elementor-image-box-title\">Certificaci\u00f3n<\/h3><p class=\"elementor-image-box-description\">Las certificaciones de calidad y gesti\u00f3n avalan nuestro compromiso.\n<\/p><\/div><\/div>\t\t\t\t<\/div>\n\t\t\t\t<\/div>\n\t\t\t\t<\/div>\n\t\t<div class=\"elementor-element elementor-element-fd2681a e-con-full e-flex e-con e-child\" data-id=\"fd2681a\" data-element_type=\"container\" data-settings=\"{&quot;background_background&quot;:&quot;classic&quot;,&quot;jet_parallax_layout_list&quot;:[]}\">\n\t\t\t\t<div class=\"elementor-element elementor-element-d426463 elementor-align-center elementor-widget__width-initial elementor-widget elementor-widget-button\" data-id=\"d426463\" data-element_type=\"widget\" data-widget_type=\"button.default\">\n\t\t\t\t<div class=\"elementor-widget-container\">\n\t\t\t\t\t\t\t\t\t<div class=\"elementor-button-wrapper\">\n\t\t\t\t\t<a class=\"elementor-button elementor-button-link elementor-size-sm\" href=\"#elementor-action%3Aaction%3Dpopup%3Aopen%26settings%3DeyJpZCI6MTk3MjMsInRvZ2dsZSI6ZmFsc2V9\">\n\t\t\t\t\t\t<span class=\"elementor-button-content-wrapper\">\n\t\t\t\t\t\t\t\t\t<span class=\"elementor-button-text\">Visualizar<\/span>\n\t\t\t\t\t<\/span>\n\t\t\t\t\t<\/a>\n\t\t\t\t<\/div>\n\t\t\t\t\t\t\t\t<\/div>\n\t\t\t\t<\/div>\n\t\t\t\t<\/div>\n\t\t\t\t\t<\/div>\n\t\t\t\t<\/div>\n\t\t\t\t<\/div>\n\t\t","protected":false},"excerpt":{"rendered":"<p>CEE JARDINER\u00cdA Somos especialistas en el dise\u00f1o y mantenimiento de espacios ajardinados. Desde 2007, nos encargamos del mantenimiento de zonas deportivas, parques y jardines, y garantizamos la conservaci\u00f3n de espacios p\u00fablicos y privados. Nuestro equipo, altamente cualificado, dispone de la equipaci\u00f3n t\u00e9cnica necesaria para realizar tareas de mantenimiento de piscinas, jardines comunitarios, espacios verdes privados, [&hellip;]<\/p>\n","protected":false},"author":1,"featured_media":0,"parent":0,"menu_order":0,"comment_status":"closed","ping_status":"closed","template":"elementor_header_footer","meta":{"footnotes":""},"class_list":["post-19604","page","type-page","status-publish","hentry"],"yoast_head":"<!-- This site is optimized with the Yoast SEO plugin v27.0 - https:\/\/yoast.com\/product\/yoast-seo-wordpress\/ -->\n<title>Jardiner\u00eda - Ilersis<\/title>\n<meta name=\"robots\" content=\"index, follow, max-snippet:-1, max-image-preview:large, max-video-preview:-1\" \/>\n<link rel=\"canonical\" href=\"https:\/\/ilersis.org\/es\/jardineria\/\" \/>\n<meta property=\"og:locale\" content=\"es_ES\" \/>\n<meta property=\"og:type\" content=\"article\" \/>\n<meta property=\"og:title\" content=\"Jardiner\u00eda - Ilersis\" \/>\n<meta property=\"og:description\" content=\"CEE JARDINER\u00cdA Somos especialistas en el dise\u00f1o y mantenimiento de espacios ajardinados. Desde 2007, nos encargamos del mantenimiento de zonas deportivas, parques y jardines, y garantizamos la conservaci\u00f3n de espacios p\u00fablicos y privados. Nuestro equipo, altamente cualificado, dispone de la equipaci\u00f3n t\u00e9cnica necesaria para realizar tareas de mantenimiento de piscinas, jardines comunitarios, espacios verdes privados, [&hellip;]\" \/>\n<meta property=\"og:url\" content=\"https:\/\/ilersis.org\/es\/jardineria\/\" \/>\n<meta property=\"og:site_name\" content=\"Ilersis\" \/>\n<meta property=\"article:publisher\" content=\"https:\/\/www.facebook.com\/fundacioIlersis\" \/>\n<meta property=\"article:modified_time\" content=\"2025-04-03T08:07:32+00:00\" \/>\n<meta property=\"og:image\" content=\"https:\/\/ilersis.org\/wp-content\/uploads\/2025\/03\/ILersis-@DaviddelVa-222-baixa.jpg\" \/>\n\t<meta property=\"og:image:width\" content=\"1500\" \/>\n\t<meta property=\"og:image:height\" content=\"998\" \/>\n\t<meta property=\"og:image:type\" content=\"image\/jpeg\" \/>\n<meta name=\"twitter:card\" content=\"summary_large_image\" \/>\n<meta name=\"twitter:site\" content=\"@ILERSISfundacio\" \/>\n<meta name=\"twitter:label1\" content=\"Tiempo de lectura\" \/>\n\t<meta name=\"twitter:data1\" content=\"13 minutos\" \/>\n<script type=\"application\/ld+json\" class=\"yoast-schema-graph\">{\"@context\":\"https:\/\/schema.org\",\"@graph\":[{\"@type\":\"WebPage\",\"@id\":\"https:\/\/ilersis.org\/es\/jardineria\/\",\"url\":\"https:\/\/ilersis.org\/es\/jardineria\/\",\"name\":\"Jardiner\u00eda - Ilersis\",\"isPartOf\":{\"@id\":\"https:\/\/ilersis.org\/es\/#website\"},\"primaryImageOfPage\":{\"@id\":\"https:\/\/ilersis.org\/es\/jardineria\/#primaryimage\"},\"image\":{\"@id\":\"https:\/\/ilersis.org\/es\/jardineria\/#primaryimage\"},\"thumbnailUrl\":\"https:\/\/ilersis.org\/wp-content\/uploads\/2025\/03\/ILersis-@DaviddelVa-222-baixa-1024x681.jpg\",\"datePublished\":\"2024-12-23T09:34:51+00:00\",\"dateModified\":\"2025-04-03T08:07:32+00:00\",\"breadcrumb\":{\"@id\":\"https:\/\/ilersis.org\/es\/jardineria\/#breadcrumb\"},\"inLanguage\":\"es\",\"potentialAction\":[{\"@type\":\"ReadAction\",\"target\":[\"https:\/\/ilersis.org\/es\/jardineria\/\"]}]},{\"@type\":\"ImageObject\",\"inLanguage\":\"es\",\"@id\":\"https:\/\/ilersis.org\/es\/jardineria\/#primaryimage\",\"url\":\"https:\/\/ilersis.org\/wp-content\/uploads\/2025\/03\/ILersis-@DaviddelVa-222-baixa-1024x681.jpg\",\"contentUrl\":\"https:\/\/ilersis.org\/wp-content\/uploads\/2025\/03\/ILersis-@DaviddelVa-222-baixa-1024x681.jpg\"},{\"@type\":\"BreadcrumbList\",\"@id\":\"https:\/\/ilersis.org\/es\/jardineria\/#breadcrumb\",\"itemListElement\":[{\"@type\":\"ListItem\",\"position\":1,\"name\":\"Hogar\",\"item\":\"https:\/\/ilersis.org\/es\/\"},{\"@type\":\"ListItem\",\"position\":2,\"name\":\"Jardiner\u00eda\"}]},{\"@type\":\"WebSite\",\"@id\":\"https:\/\/ilersis.org\/es\/#website\",\"url\":\"https:\/\/ilersis.org\/es\/\",\"name\":\"Ilersis\",\"description\":\"Fundaci\u00f3n Ilersis\",\"publisher\":{\"@id\":\"https:\/\/ilersis.org\/es\/#organization\"},\"potentialAction\":[{\"@type\":\"SearchAction\",\"target\":{\"@type\":\"EntryPoint\",\"urlTemplate\":\"https:\/\/ilersis.org\/es\/?s={search_term_string}\"},\"query-input\":{\"@type\":\"PropertyValueSpecification\",\"valueRequired\":true,\"valueName\":\"search_term_string\"}}],\"inLanguage\":\"es\"},{\"@type\":\"Organization\",\"@id\":\"https:\/\/ilersis.org\/es\/#organization\",\"name\":\"Ilersis Fundaci\u00f3 Privada\",\"url\":\"https:\/\/ilersis.org\/es\/\",\"logo\":{\"@type\":\"ImageObject\",\"inLanguage\":\"es\",\"@id\":\"https:\/\/ilersis.org\/es\/#\/schema\/logo\/image\/\",\"url\":\"https:\/\/ilersis.org\/wp-content\/uploads\/2024\/10\/logo-ilersis-sin-fondo.png\",\"contentUrl\":\"https:\/\/ilersis.org\/wp-content\/uploads\/2024\/10\/logo-ilersis-sin-fondo.png\",\"width\":595,\"height\":197,\"caption\":\"Ilersis Fundaci\u00f3 Privada\"},\"image\":{\"@id\":\"https:\/\/ilersis.org\/es\/#\/schema\/logo\/image\/\"},\"sameAs\":[\"https:\/\/www.facebook.com\/fundacioIlersis\",\"https:\/\/x.com\/ILERSISfundacio\",\"https:\/\/www.linkedin.com\/company\/fundacioilersis\/\"]}]}<\/script>\n<!-- \/ Yoast SEO plugin. -->","yoast_head_json":{"title":"Jardiner\u00eda - Ilersis","robots":{"index":"index","follow":"follow","max-snippet":"max-snippet:-1","max-image-preview":"max-image-preview:large","max-video-preview":"max-video-preview:-1"},"canonical":"https:\/\/ilersis.org\/es\/jardineria\/","og_locale":"es_ES","og_type":"article","og_title":"Jardiner\u00eda - Ilersis","og_description":"CEE JARDINER\u00cdA Somos especialistas en el dise\u00f1o y mantenimiento de espacios ajardinados. Desde 2007, nos encargamos del mantenimiento de zonas deportivas, parques y jardines, y garantizamos la conservaci\u00f3n de espacios p\u00fablicos y privados. Nuestro equipo, altamente cualificado, dispone de la equipaci\u00f3n t\u00e9cnica necesaria para realizar tareas de mantenimiento de piscinas, jardines comunitarios, espacios verdes privados, [&hellip;]","og_url":"https:\/\/ilersis.org\/es\/jardineria\/","og_site_name":"Ilersis","article_publisher":"https:\/\/www.facebook.com\/fundacioIlersis","article_modified_time":"2025-04-03T08:07:32+00:00","og_image":[{"width":1500,"height":998,"url":"https:\/\/ilersis.org\/wp-content\/uploads\/2025\/03\/ILersis-@DaviddelVa-222-baixa.jpg","type":"image\/jpeg"}],"twitter_card":"summary_large_image","twitter_site":"@ILERSISfundacio","twitter_misc":{"Tiempo de lectura":"13 minutos"},"schema":{"@context":"https:\/\/schema.org","@graph":[{"@type":"WebPage","@id":"https:\/\/ilersis.org\/es\/jardineria\/","url":"https:\/\/ilersis.org\/es\/jardineria\/","name":"Jardiner\u00eda - Ilersis","isPartOf":{"@id":"https:\/\/ilersis.org\/es\/#website"},"primaryImageOfPage":{"@id":"https:\/\/ilersis.org\/es\/jardineria\/#primaryimage"},"image":{"@id":"https:\/\/ilersis.org\/es\/jardineria\/#primaryimage"},"thumbnailUrl":"https:\/\/ilersis.org\/wp-content\/uploads\/2025\/03\/ILersis-@DaviddelVa-222-baixa-1024x681.jpg","datePublished":"2024-12-23T09:34:51+00:00","dateModified":"2025-04-03T08:07:32+00:00","breadcrumb":{"@id":"https:\/\/ilersis.org\/es\/jardineria\/#breadcrumb"},"inLanguage":"es","potentialAction":[{"@type":"ReadAction","target":["https:\/\/ilersis.org\/es\/jardineria\/"]}]},{"@type":"ImageObject","inLanguage":"es","@id":"https:\/\/ilersis.org\/es\/jardineria\/#primaryimage","url":"https:\/\/ilersis.org\/wp-content\/uploads\/2025\/03\/ILersis-@DaviddelVa-222-baixa-1024x681.jpg","contentUrl":"https:\/\/ilersis.org\/wp-content\/uploads\/2025\/03\/ILersis-@DaviddelVa-222-baixa-1024x681.jpg"},{"@type":"BreadcrumbList","@id":"https:\/\/ilersis.org\/es\/jardineria\/#breadcrumb","itemListElement":[{"@type":"ListItem","position":1,"name":"Hogar","item":"https:\/\/ilersis.org\/es\/"},{"@type":"ListItem","position":2,"name":"Jardiner\u00eda"}]},{"@type":"WebSite","@id":"https:\/\/ilersis.org\/es\/#website","url":"https:\/\/ilersis.org\/es\/","name":"Ilersis","description":"Fundaci\u00f3n Ilersis","publisher":{"@id":"https:\/\/ilersis.org\/es\/#organization"},"potentialAction":[{"@type":"SearchAction","target":{"@type":"EntryPoint","urlTemplate":"https:\/\/ilersis.org\/es\/?s={search_term_string}"},"query-input":{"@type":"PropertyValueSpecification","valueRequired":true,"valueName":"search_term_string"}}],"inLanguage":"es"},{"@type":"Organization","@id":"https:\/\/ilersis.org\/es\/#organization","name":"Ilersis Fundaci\u00f3 Privada","url":"https:\/\/ilersis.org\/es\/","logo":{"@type":"ImageObject","inLanguage":"es","@id":"https:\/\/ilersis.org\/es\/#\/schema\/logo\/image\/","url":"https:\/\/ilersis.org\/wp-content\/uploads\/2024\/10\/logo-ilersis-sin-fondo.png","contentUrl":"https:\/\/ilersis.org\/wp-content\/uploads\/2024\/10\/logo-ilersis-sin-fondo.png","width":595,"height":197,"caption":"Ilersis Fundaci\u00f3 Privada"},"image":{"@id":"https:\/\/ilersis.org\/es\/#\/schema\/logo\/image\/"},"sameAs":["https:\/\/www.facebook.com\/fundacioIlersis","https:\/\/x.com\/ILERSISfundacio","https:\/\/www.linkedin.com\/company\/fundacioilersis\/"]}]}},"_links":{"self":[{"href":"https:\/\/ilersis.org\/es\/wp-json\/wp\/v2\/pages\/19604","targetHints":{"allow":["GET"]}}],"collection":[{"href":"https:\/\/ilersis.org\/es\/wp-json\/wp\/v2\/pages"}],"about":[{"href":"https:\/\/ilersis.org\/es\/wp-json\/wp\/v2\/types\/page"}],"author":[{"embeddable":true,"href":"https:\/\/ilersis.org\/es\/wp-json\/wp\/v2\/users\/1"}],"replies":[{"embeddable":true,"href":"https:\/\/ilersis.org\/es\/wp-json\/wp\/v2\/comments?post=19604"}],"version-history":[{"count":14,"href":"https:\/\/ilersis.org\/es\/wp-json\/wp\/v2\/pages\/19604\/revisions"}],"predecessor-version":[{"id":20981,"href":"https:\/\/ilersis.org\/es\/wp-json\/wp\/v2\/pages\/19604\/revisions\/20981"}],"wp:attachment":[{"href":"https:\/\/ilersis.org\/es\/wp-json\/wp\/v2\/media?parent=19604"}],"curies":[{"name":"wp","href":"https:\/\/api.w.org\/{rel}","templated":true}]}}